{"id":1619,"date":"2024-04-27T09:02:34","date_gmt":"2024-04-27T09:02:34","guid":{"rendered":"https:\/\/www.schlossnarren.at\/?page_id=1619"},"modified":"2024-08-05T06:49:13","modified_gmt":"2024-08-05T06:49:13","slug":"die-emser-zuenfte","status":"publish","type":"page","link":"https:\/\/www.schlossnarren.at\/index.php\/ueber-uns\/die-emser-zuenfte\/","title":{"rendered":"Die Emser Z\u00fcnfte"},"content":{"rendered":"\n<div class=\"wp-block-columns is-layout-flex wp-container-core-columns-is-layout-9d6595d7 wp-block-columns-is-layout-flex\">\n<div class=\"wp-block-column is-layout-flow wp-block-column-is-layout-flow\"><div class=\"wp-block-image\">\n<figure class=\"aligncenter size-full is-resized\"><img loading=\"lazy\" decoding=\"async\" width=\"170\" height=\"170\" src=\"https:\/\/www.schlossnarren.at\/wp-content\/uploads\/2024\/05\/Embser-Garde.jpg\" alt=\"Embser Garde\" class=\"wp-image-4531\" style=\"width:150px\" srcset=\"https:\/\/www.schlossnarren.at\/wp-content\/uploads\/2024\/05\/Embser-Garde.jpg 170w, https:\/\/www.schlossnarren.at\/wp-content\/uploads\/2024\/05\/Embser-Garde-150x150.jpg 150w, https:\/\/www.schlossnarren.at\/wp-content\/uploads\/2024\/05\/Embser-Garde-100x100.jpg 100w\" sizes=\"auto, (max-width: 170px) 100vw, 170px\" \/><\/figure>\n<\/div><\/div>\n\n\n\n<div class=\"wp-block-column is-layout-flow wp-block-column-is-layout-flow\">\n<h3 class=\"wp-block-heading\" style=\"font-size:15px\"><strong><a href=\"http:\/\/www.embser-garde.at\/\" target=\"_blank\" rel=\"noreferrer noopener\">EMBSER GARDE<\/a><\/strong><br>Kontakt: <a href=\"mailto:heike.kertel@embser-garde.at\" target=\"_blank\" rel=\"noreferrer noopener\">heike.kertel@embser-garde.at<\/a><\/h3>\n\n\n\n<div class=\"wp-block-columns is-layout-flex wp-container-core-columns-is-layout-9d6595d7 wp-block-columns-is-layout-flex\">\n<div class=\"wp-block-column is-layout-flow wp-block-column-is-layout-flow\"><div class=\"wp-block-image\">\n<figure class=\"alignright size-full is-resized\"><a href=\"https:\/\/www.facebook.com\/embser.garde\" target=\"_blank\" rel=\"noreferrer noopener\"><img loading=\"lazy\" decoding=\"async\" width=\"50\" height=\"49\" src=\"https:\/\/www.schlossnarren.at\/wp-content\/uploads\/2024\/05\/Facebook.jpg\" alt=\"\" class=\"wp-image-4507\" style=\"width:45px\"\/><\/a><\/figure>\n<\/div><\/div>\n\n\n\n<div class=\"wp-block-column is-layout-flow wp-block-column-is-layout-flow\"><\/div>\n<\/div>\n<\/div>\n<\/div>\n\n\n\n<hr class=\"wp-block-separator has-alpha-channel-opacity is-style-wide\"\/>\n\n\n\n<div class=\"wp-block-columns is-layout-flex wp-container-core-columns-is-layout-9d6595d7 wp-block-columns-is-layout-flex\">\n<div class=\"wp-block-column is-layout-flow wp-block-column-is-layout-flow\"><div class=\"wp-block-image\">\n<figure class=\"aligncenter size-full is-resized\"><a href=\"https:\/\/www.fanfarenzug-hohenems.at\/\"><img loading=\"lazy\" decoding=\"async\" width=\"1957\" height=\"2560\" src=\"https:\/\/www.schlossnarren.at\/wp-content\/uploads\/2024\/05\/Fanfarenzug-Herrenried-Buchjpg-scaled.jpg\" alt=\"Fanfarenzug Herrenried Buch\" class=\"wp-image-4500\" style=\"width:150px\" srcset=\"https:\/\/www.schlossnarren.at\/wp-content\/uploads\/2024\/05\/Fanfarenzug-Herrenried-Buchjpg-scaled.jpg 1957w, https:\/\/www.schlossnarren.at\/wp-content\/uploads\/2024\/05\/Fanfarenzug-Herrenried-Buchjpg-229x300.jpg 229w, https:\/\/www.schlossnarren.at\/wp-content\/uploads\/2024\/05\/Fanfarenzug-Herrenried-Buchjpg-783x1024.jpg 783w, https:\/\/www.schlossnarren.at\/wp-content\/uploads\/2024\/05\/Fanfarenzug-Herrenried-Buchjpg-768x1005.jpg 768w, https:\/\/www.schlossnarren.at\/wp-content\/uploads\/2024\/05\/Fanfarenzug-Herrenried-Buchjpg-1174x1536.jpg 1174w, https:\/\/www.schlossnarren.at\/wp-content\/uploads\/2024\/05\/Fanfarenzug-Herrenried-Buchjpg-1565x2048.jpg 1565w\" sizes=\"auto, (max-width: 767px) 89vw, (max-width: 1000px) 54vw, (max-width: 1071px) 543px, 580px\" \/><\/a><\/figure>\n<\/div><\/div>\n\n\n\n<div class=\"wp-block-column is-layout-flow wp-block-column-is-layout-flow\">\n<h3 class=\"wp-block-heading\" style=\"font-size:15px\"><strong><a href=\"https:\/\/www.fanfarenzug-hohenems.at\/\">FANFARENZUG HOHENEMS HERRENRIED BUCH<\/a><\/strong><br>Kontakt: <a href=\"mailto:Fanfarenzug.hohenems@gmx.at\">fanfarenzug.hohenems@gmx.at<\/a><\/h3>\n\n\n\n<div class=\"wp-block-columns is-layout-flex wp-container-core-columns-is-layout-9d6595d7 wp-block-columns-is-layout-flex\">\n<div class=\"wp-block-column is-layout-flow wp-block-column-is-layout-flow\"><div class=\"wp-block-image\">\n<figure class=\"alignright size-full is-resized\"><img loading=\"lazy\" decoding=\"async\" width=\"50\" height=\"49\" src=\"https:\/\/www.schlossnarren.at\/wp-content\/uploads\/2024\/05\/Facebook.jpg\" alt=\"\" class=\"wp-image-4507\" style=\"width:45px\"\/><\/figure>\n<\/div><\/div>\n\n\n\n<div class=\"wp-block-column is-layout-flow wp-block-column-is-layout-flow\"><div class=\"wp-block-image\">\n<figure class=\"alignleft size-full is-resized\"><img loading=\"lazy\" decoding=\"async\" width=\"50\" height=\"49\" src=\"https:\/\/www.schlossnarren.at\/wp-content\/uploads\/2024\/05\/Instagram.jpg\" alt=\"\" class=\"wp-image-4508\" style=\"width:45px\"\/><\/figure>\n<\/div><\/div>\n<\/div>\n<\/div>\n<\/div>\n\n\n\n<hr class=\"wp-block-separator has-alpha-channel-opacity is-style-wide\"\/>\n\n\n\n<div class=\"wp-block-columns is-layout-flex wp-container-core-columns-is-layout-9d6595d7 wp-block-columns-is-layout-flex\">\n<div class=\"wp-block-column is-layout-flow wp-block-column-is-layout-flow\"><div class=\"wp-block-image\">\n<figure class=\"aligncenter size-full is-resized\"><img loading=\"lazy\" decoding=\"async\" width=\"164\" height=\"150\" src=\"https:\/\/www.schlossnarren.at\/wp-content\/uploads\/2024\/05\/Auner-Faschingszunft.jpg\" alt=\"Auner Faschingszunft\" class=\"wp-image-4534\" style=\"width:150px\"\/><\/figure>\n<\/div><\/div>\n\n\n\n<div class=\"wp-block-column is-layout-flow wp-block-column-is-layout-flow\">\n<h3 class=\"wp-block-heading\" style=\"font-size:15px\"><a href=\"https:\/\/www.auner-fz.at\/Startseite\/\"><strong>Auner Faschingzunft <\/strong><\/a><br>Kontakt: <a href=\"mailto:Fanfarenzug.hohenems@gmx.at\">Feuerstein1@hotmail.com<\/a><\/h3>\n\n\n\n<div class=\"wp-block-columns is-layout-flex wp-container-core-columns-is-layout-9d6595d7 wp-block-columns-is-layout-flex\">\n<div class=\"wp-block-column is-layout-flow wp-block-column-is-layout-flow\"><div class=\"wp-block-image\">\n<figure class=\"alignright size-full\"><a href=\"https:\/\/www.facebook.com\/aunerFZ\/?locale=de_DE\" target=\"_blank\" rel=\"noreferrer noopener\"><img loading=\"lazy\" decoding=\"async\" width=\"50\" height=\"49\" src=\"https:\/\/www.schlossnarren.at\/wp-content\/uploads\/2024\/05\/Facebook.jpg\" alt=\"\" class=\"wp-image-4507\"\/><\/a><\/figure>\n<\/div><\/div>\n\n\n\n<div class=\"wp-block-column is-layout-flow wp-block-column-is-layout-flow\"><div class=\"wp-block-image\">\n<figure class=\"alignleft size-full\"><a href=\"https:\/\/www.instagram.com\/auner_faschingszunft\/\" target=\"_blank\" rel=\"noreferrer noopener\"><img loading=\"lazy\" decoding=\"async\" width=\"50\" height=\"49\" src=\"https:\/\/www.schlossnarren.at\/wp-content\/uploads\/2024\/05\/Instagram.jpg\" alt=\"\" class=\"wp-image-4508\"\/><\/a><\/figure>\n<\/div><\/div>\n<\/div>\n<\/div>\n<\/div>\n\n\n\n<hr class=\"wp-block-separator has-alpha-channel-opacity is-style-wide\"\/>\n\n\n\n<div class=\"wp-block-columns is-layout-flex wp-container-core-columns-is-layout-9d6595d7 wp-block-columns-is-layout-flex\">\n<div class=\"wp-block-column is-layout-flow wp-block-column-is-layout-flow\"><div class=\"wp-block-image\">\n<figure class=\"aligncenter size-thumbnail is-resized\"><img loading=\"lazy\" decoding=\"async\" width=\"150\" height=\"150\" src=\"https:\/\/www.schlossnarren.at\/wp-content\/uploads\/2018\/11\/Logo5_Schwefel-150x150.jpg\" alt=\"Funkenzunft Schwefel\" class=\"wp-image-261\" style=\"width:150px\"\/><\/figure>\n<\/div><\/div>\n\n\n\n<div class=\"wp-block-column is-layout-flow wp-block-column-is-layout-flow\">\n<h3 class=\"wp-block-heading\" style=\"font-size:15px\"><strong><a href=\"https:\/\/fz-schwefel.at\/\" target=\"_blank\" rel=\"noreferrer noopener\">Funkenzunft Schwefel<\/a><\/strong><br>Kontakt: <a href=\"mailto:Fanfarenzug.hohenems@gmx.at\">verein@fz-schwefel.at<\/a><\/h3>\n\n\n\n<div class=\"wp-block-columns is-layout-flex wp-container-core-columns-is-layout-9d6595d7 wp-block-columns-is-layout-flex\">\n<div class=\"wp-block-column is-layout-flow wp-block-column-is-layout-flow\"><div class=\"wp-block-image\">\n<figure class=\"alignright size-full\"><img loading=\"lazy\" decoding=\"async\" width=\"50\" height=\"49\" src=\"https:\/\/www.schlossnarren.at\/wp-content\/uploads\/2024\/05\/Facebook.jpg\" alt=\"\" class=\"wp-image-4507\"\/><\/figure>\n<\/div><\/div>\n\n\n\n<div class=\"wp-block-column is-layout-flow wp-block-column-is-layout-flow\"><div class=\"wp-block-image\">\n<figure class=\"alignleft size-full\"><a href=\"https:\/\/www.instagram.com\/funkenzunft_schwefel_ems\/\" target=\"_blank\" rel=\"noreferrer noopener\"><img loading=\"lazy\" decoding=\"async\" width=\"50\" height=\"49\" src=\"https:\/\/www.schlossnarren.at\/wp-content\/uploads\/2024\/05\/Instagram.jpg\" alt=\"\" class=\"wp-image-4508\"\/><\/a><\/figure>\n<\/div><\/div>\n<\/div>\n<\/div>\n<\/div>\n\n\n\n<hr class=\"wp-block-separator has-alpha-channel-opacity is-style-wide\"\/>\n\n\n\n<div class=\"wp-block-columns is-layout-flex wp-container-core-columns-is-layout-9d6595d7 wp-block-columns-is-layout-flex\">\n<div class=\"wp-block-column is-layout-flow wp-block-column-is-layout-flow\"><div class=\"wp-block-image\">\n<figure class=\"aligncenter size-full is-resized\"><img loading=\"lazy\" decoding=\"async\" width=\"100\" height=\"100\" src=\"https:\/\/www.schlossnarren.at\/wp-content\/uploads\/2018\/11\/Logo6_Erlach.jpg\" alt=\"\" class=\"wp-image-262\" style=\"width:150px\"\/><\/figure>\n<\/div><\/div>\n\n\n\n<div class=\"wp-block-column is-layout-flow wp-block-column-is-layout-flow\">\n<h3 class=\"wp-block-heading\" style=\"font-size:15px\"><strong>Funkenzunft Erlach<\/strong><br>Kontakt: <\/h3>\n\n\n\n<div class=\"wp-block-columns is-layout-flex wp-container-core-columns-is-layout-9d6595d7 wp-block-columns-is-layout-flex\">\n<div class=\"wp-block-column is-layout-flow wp-block-column-is-layout-flow\"><div class=\"wp-block-image\">\n<figure class=\"alignright size-full\"><a href=\"https:\/\/www.facebook.com\/groups\/246868798730033\/\" target=\"_blank\" rel=\"noreferrer noopener\"><img loading=\"lazy\" decoding=\"async\" width=\"50\" height=\"49\" src=\"https:\/\/www.schlossnarren.at\/wp-content\/uploads\/2024\/05\/Facebook.jpg\" alt=\"\" class=\"wp-image-4507\"\/><\/a><\/figure>\n<\/div><\/div>\n\n\n\n<div class=\"wp-block-column is-layout-flow wp-block-column-is-layout-flow\"><\/div>\n<\/div>\n<\/div>\n<\/div>\n\n\n\n<hr class=\"wp-block-separator has-alpha-channel-opacity is-style-wide\"\/>\n\n\n\n<div class=\"wp-block-columns is-layout-flex wp-container-core-columns-is-layout-9d6595d7 wp-block-columns-is-layout-flex\">\n<div class=\"wp-block-column is-layout-flow wp-block-column-is-layout-flow\"><div class=\"wp-block-image\">\n<figure class=\"aligncenter size-thumbnail\"><img loading=\"lazy\" decoding=\"async\" width=\"150\" height=\"150\" src=\"https:\/\/www.schlossnarren.at\/wp-content\/uploads\/2018\/11\/Logo7_Unterg\u00e4ssler-150x150.jpg\" alt=\"Unterg\u00e4ssler Fasnatzunft\" class=\"wp-image-263\"\/><\/figure>\n<\/div><\/div>\n\n\n\n<div class=\"wp-block-column is-layout-flow wp-block-column-is-layout-flow\">\n<h3 class=\"wp-block-heading\" style=\"font-size:15px\"><strong><a href=\"https:\/\/www.untergaessler.at\/\" target=\"_blank\" rel=\"noreferrer noopener\">Unterg\u00e4ssler Fasnatzunft<\/a><\/strong><br>Kontakt: <a href=\"mailto:obmann@untergaessler.at\" target=\"_blank\" rel=\"noreferrer noopener\">obmann@untergaessler.at<\/a><\/h3>\n\n\n\n<div class=\"wp-block-columns is-layout-flex wp-container-core-columns-is-layout-9d6595d7 wp-block-columns-is-layout-flex\">\n<div class=\"wp-block-column is-layout-flow wp-block-column-is-layout-flow\"><div class=\"wp-block-image\">\n<figure class=\"alignright size-full is-resized\"><img loading=\"lazy\" decoding=\"async\" width=\"50\" height=\"49\" src=\"https:\/\/www.schlossnarren.at\/wp-content\/uploads\/2024\/05\/Facebook.jpg\" alt=\"\" class=\"wp-image-4507\" style=\"width:49px;height:auto\"\/><\/figure>\n<\/div><\/div>\n\n\n\n<div class=\"wp-block-column is-layout-flow wp-block-column-is-layout-flow\"><\/div>\n<\/div>\n<\/div>\n<\/div>\n\n\n\n<hr class=\"wp-block-separator has-alpha-channel-opacity is-style-wide\"\/>\n\n\n\n<div class=\"wp-block-columns is-layout-flex wp-container-core-columns-is-layout-9d6595d7 wp-block-columns-is-layout-flex\">\n<div class=\"wp-block-column is-layout-flow wp-block-column-is-layout-flow\"><div class=\"wp-block-image\">\n<figure class=\"aligncenter size-full\"><img loading=\"lazy\" decoding=\"async\" width=\"200\" height=\"127\" src=\"https:\/\/www.schlossnarren.at\/wp-content\/uploads\/2018\/11\/Logo8_Unterkliener-e1541413631530.jpg\" alt=\"\" class=\"wp-image-264\"\/><\/figure>\n<\/div><\/div>\n\n\n\n<div class=\"wp-block-column is-layout-flow wp-block-column-is-layout-flow\">\n<h3 class=\"wp-block-heading\" style=\"font-size:15px\"><strong>Unterkliener Fasnatzunft<\/strong><br>Kontakt: <a href=\"mailto:karl-heinz.sutter@gmx.at\" target=\"_blank\" rel=\"noreferrer noopener\">karl-heinz.sutter@gmx.at<\/a><\/h3>\n\n\n\n<div class=\"wp-block-columns is-layout-flex wp-container-core-columns-is-layout-9d6595d7 wp-block-columns-is-layout-flex\">\n<div class=\"wp-block-column is-layout-flow wp-block-column-is-layout-flow\"><div class=\"wp-block-image\">\n<figure class=\"alignright size-full\"><a href=\"https:\/\/www.facebook.com\/unterklienerfasnatzunft\/?locale=de_DE\" target=\"_blank\" rel=\"noreferrer noopener\"><img loading=\"lazy\" decoding=\"async\" width=\"50\" height=\"49\" src=\"https:\/\/www.schlossnarren.at\/wp-content\/uploads\/2024\/05\/Facebook.jpg\" alt=\"\" class=\"wp-image-4507\"\/><\/a><\/figure>\n<\/div><\/div>\n\n\n\n<div class=\"wp-block-column is-layout-flow wp-block-column-is-layout-flow\"><div class=\"wp-block-image\">\n<figure class=\"alignleft size-full\"><a href=\"https:\/\/www.instagram.com\/unterkliener_fasnatzunft\/\" target=\"_blank\" rel=\"noreferrer noopener\"><img loading=\"lazy\" decoding=\"async\" width=\"50\" height=\"49\" src=\"https:\/\/www.schlossnarren.at\/wp-content\/uploads\/2024\/05\/Instagram.jpg\" alt=\"\" class=\"wp-image-4508\"\/><\/a><\/figure>\n<\/div><\/div>\n<\/div>\n<\/div>\n<\/div>\n\n\n\n<hr class=\"wp-block-separator has-alpha-channel-opacity is-style-wide\"\/>\n\n\n\n<div class=\"wp-block-columns is-layout-flex wp-container-core-columns-is-layout-9d6595d7 wp-block-columns-is-layout-flex\">\n<div class=\"wp-block-column is-layout-flow wp-block-column-is-layout-flow\"><div class=\"wp-block-image\">\n<figure class=\"aligncenter size-thumbnail\"><img loading=\"lazy\" decoding=\"async\" width=\"150\" height=\"150\" src=\"https:\/\/www.schlossnarren.at\/wp-content\/uploads\/2018\/11\/Logo10_Kidla-150x150.jpg\" alt=\"Kidla Hohenems\" class=\"wp-image-266\"\/><\/figure>\n<\/div><\/div>\n\n\n\n<div class=\"wp-block-column is-layout-flow wp-block-column-is-layout-flow\">\n<h3 class=\"wp-block-heading\" style=\"font-size:15px\"><strong><a href=\"https:\/\/kidla.at\/\" target=\"_blank\" rel=\"noreferrer noopener\">Kidla Hohenems<\/a><\/strong><br>Kontakt: <a href=\"mailto:obmann@kidla.at\">obmann@kidla.at<\/a><\/h3>\n\n\n\n<div class=\"wp-block-columns is-layout-flex wp-container-core-columns-is-layout-9d6595d7 wp-block-columns-is-layout-flex\">\n<div class=\"wp-block-column is-layout-flow wp-block-column-is-layout-flow\"><div class=\"wp-block-image\">\n<figure class=\"alignright size-full\"><img loading=\"lazy\" decoding=\"async\" width=\"50\" height=\"49\" src=\"https:\/\/www.schlossnarren.at\/wp-content\/uploads\/2024\/05\/Facebook.jpg\" alt=\"\" class=\"wp-image-4507\"\/><\/figure>\n<\/div><\/div>\n\n\n\n<div class=\"wp-block-column is-layout-flow wp-block-column-is-layout-flow\"><div class=\"wp-block-image\">\n<figure class=\"alignleft size-full\"><a href=\"https:\/\/www.instagram.com\/fz_kidla\/\" target=\"_blank\" rel=\"noreferrer noopener\"><img loading=\"lazy\" decoding=\"async\" width=\"50\" height=\"49\" src=\"https:\/\/www.schlossnarren.at\/wp-content\/uploads\/2024\/05\/Instagram.jpg\" alt=\"\" class=\"wp-image-4508\"\/><\/a><\/figure>\n<\/div><\/div>\n<\/div>\n<\/div>\n<\/div>\n\n\n\n<hr class=\"wp-block-separator has-alpha-channel-opacity is-style-wide\"\/>\n\n\n\n<div class=\"wp-block-columns is-layout-flex wp-container-core-columns-is-layout-9d6595d7 wp-block-columns-is-layout-flex\">\n<div class=\"wp-block-column is-layout-flow wp-block-column-is-layout-flow\"><div class=\"wp-block-image\">\n<figure class=\"aligncenter size-full is-resized\"><img loading=\"lazy\" decoding=\"async\" width=\"135\" height=\"100\" src=\"https:\/\/www.schlossnarren.at\/wp-content\/uploads\/2018\/11\/Logo9_Embs_Reute.jpg\" alt=\"Fasnatzunft Ems-Reute\" class=\"wp-image-265\" style=\"width:150px\"\/><\/figure>\n<\/div><\/div>\n\n\n\n<div class=\"wp-block-column is-layout-flow wp-block-column-is-layout-flow\">\n<h3 class=\"wp-block-heading\" style=\"font-size:15px\"><strong><a href=\"http:\/\/www.fz-emsreute.net\">Fasnatzunft Ems &#8211; Reute<\/a><\/strong><br>Kontakt: <a href=\"mailto:martin@fz-emsreute.net\" target=\"_blank\" rel=\"noreferrer noopener\">martin@fz-emsreute.net<\/a><\/h3>\n\n\n\n<div class=\"wp-block-columns is-layout-flex wp-container-core-columns-is-layout-9d6595d7 wp-block-columns-is-layout-flex\">\n<div class=\"wp-block-column is-layout-flow wp-block-column-is-layout-flow\"><\/div>\n\n\n\n<div class=\"wp-block-column is-layout-flow wp-block-column-is-layout-flow\"><div class=\"wp-block-image\">\n<figure class=\"alignleft size-full\"><a href=\"https:\/\/www.instagram.com\/fzv_emsreute\/\" target=\"_blank\" rel=\"noreferrer noopener\"><img loading=\"lazy\" decoding=\"async\" width=\"50\" height=\"49\" src=\"https:\/\/www.schlossnarren.at\/wp-content\/uploads\/2024\/05\/Instagram.jpg\" alt=\"\" class=\"wp-image-4508\"\/><\/a><\/figure>\n<\/div><\/div>\n<\/div>\n<\/div>\n<\/div>\n\n\n\n<hr class=\"wp-block-separator has-alpha-channel-opacity is-style-wide\"\/>\n\n\n\n<div class=\"wp-block-columns is-layout-flex wp-container-core-columns-is-layout-9d6595d7 wp-block-columns-is-layout-flex\">\n<div class=\"wp-block-column is-layout-flow wp-block-column-is-layout-flow\"><div class=\"wp-block-image\">\n<figure class=\"aligncenter size-full is-resized\"><img loading=\"lazy\" decoding=\"async\" width=\"200\" height=\"200\" src=\"https:\/\/www.schlossnarren.at\/wp-content\/uploads\/2018\/11\/Logo11_Galgenbr\u00fcder-e1541414333330.bmp\" alt=\"Galgenbr\u00fcder\" class=\"wp-image-267\" style=\"width:150px\"\/><\/figure>\n<\/div><\/div>\n\n\n\n<div class=\"wp-block-column is-layout-flow wp-block-column-is-layout-flow\">\n<h3 class=\"wp-block-heading\" style=\"font-size:15px\"><strong><a href=\"https:\/\/galgenbrueder.at\/\" target=\"_blank\" rel=\"noreferrer noopener\">Faschingszunft Galgenbr\u00fcder<\/a> <\/strong><br>Kontakt: <a href=\"mailto:matthias.brotzge@galgenbrueder.at\" target=\"_blank\" rel=\"noreferrer noopener\">matthias.brotzge@galgenbrueder.at<\/a><\/h3>\n\n\n\n<div class=\"wp-block-columns is-layout-flex wp-container-core-columns-is-layout-9d6595d7 wp-block-columns-is-layout-flex\">\n<div class=\"wp-block-column is-layout-flow wp-block-column-is-layout-flow\"><div class=\"wp-block-image\">\n<figure class=\"alignright size-full\"><a href=\"https:\/\/www.facebook.com\/Galgenbrueder.at\/\" target=\"_blank\" rel=\"noreferrer noopener\"><img loading=\"lazy\" decoding=\"async\" width=\"50\" height=\"49\" src=\"https:\/\/www.schlossnarren.at\/wp-content\/uploads\/2024\/05\/Facebook.jpg\" alt=\"\" class=\"wp-image-4507\"\/><\/a><\/figure>\n<\/div><\/div>\n\n\n\n<div class=\"wp-block-column is-layout-flow wp-block-column-is-layout-flow\"><div class=\"wp-block-image\">\n<figure class=\"alignleft size-full\"><img loading=\"lazy\" decoding=\"async\" width=\"50\" height=\"49\" src=\"https:\/\/www.schlossnarren.at\/wp-content\/uploads\/2024\/05\/Instagram.jpg\" alt=\"\" class=\"wp-image-4508\"\/><\/figure>\n<\/div><\/div>\n<\/div>\n<\/div>\n<\/div>\n\n\n\n<hr class=\"wp-block-separator has-alpha-channel-opacity is-style-wide\"\/>\n\n\n\n<div class=\"wp-block-columns is-layout-flex wp-container-core-columns-is-layout-9d6595d7 wp-block-columns-is-layout-flex\">\n<div class=\"wp-block-column is-layout-flow wp-block-column-is-layout-flow\"><div class=\"wp-block-image\">\n<figure class=\"aligncenter size-full is-resized\"><img loading=\"lazy\" decoding=\"async\" width=\"200\" height=\"199\" src=\"https:\/\/www.schlossnarren.at\/wp-content\/uploads\/2018\/11\/Logo12_Sch\u00fctzlerH\u00fcgelrodler-e1541414558910.jpg\" alt=\"Sch\u00fctzler H\u00fcgelroder\" class=\"wp-image-268\" style=\"width:150px\"\/><\/figure>\n<\/div><\/div>\n\n\n\n<div class=\"wp-block-column is-layout-flow wp-block-column-is-layout-flow\">\n<h3 class=\"wp-block-heading\" style=\"font-size:15px\"><strong>Sch\u00fctzler H\u00fcgelrodler<\/strong><br>Kontakt: <a href=\"mailto:s.huegelrodler@gmx.at\" target=\"_blank\" rel=\"noreferrer noopener\">s.huegelrodler@gmx.at<\/a><\/h3>\n\n\n\n<div class=\"wp-block-columns is-layout-flex wp-container-core-columns-is-layout-9d6595d7 wp-block-columns-is-layout-flex\">\n<div class=\"wp-block-column is-layout-flow wp-block-column-is-layout-flow\"><div class=\"wp-block-image\">\n<figure class=\"alignright size-full\"><a href=\"https:\/\/www.facebook.com\/groups\/245611418853988\/\" target=\"_blank\" rel=\"noreferrer noopener\"><img loading=\"lazy\" decoding=\"async\" width=\"50\" height=\"49\" src=\"https:\/\/www.schlossnarren.at\/wp-content\/uploads\/2024\/05\/Facebook.jpg\" alt=\"\" class=\"wp-image-4507\"\/><\/a><\/figure>\n<\/div><\/div>\n\n\n\n<div class=\"wp-block-column is-layout-flow wp-block-column-is-layout-flow\"><div class=\"wp-block-image\">\n<figure class=\"alignleft size-full\"><a href=\"https:\/\/www.instagram.com\/schuetzler.huegelrodler\/\" target=\"_blank\" rel=\"noreferrer noopener\"><img loading=\"lazy\" decoding=\"async\" width=\"50\" height=\"49\" src=\"https:\/\/www.schlossnarren.at\/wp-content\/uploads\/2024\/05\/Instagram.jpg\" alt=\"\" class=\"wp-image-4508\"\/><\/a><\/figure>\n<\/div><\/div>\n<\/div>\n<\/div>\n<\/div>\n\n\n\n<hr class=\"wp-block-separator has-alpha-channel-opacity is-style-wide\"\/>\n","protected":false},"excerpt":{"rendered":"<p>EMBSER GARDEKontakt: heike.kertel@embser-garde.at FANFARENZUG HOHENEMS HERRENRIED BUCHKontakt: fanfarenzug.hohenems@gmx.at Auner Faschingzunft Kontakt: Feuerstein1@hotmail.com Funkenzunft SchwefelKontakt: verein@fz-schwefel.at Funkenzunft ErlachKontakt: Unterg\u00e4ssler FasnatzunftKontakt: obmann@untergaessler.at Unterkliener FasnatzunftKontakt: karl-heinz.sutter@gmx.at Kidla HohenemsKontakt: obmann@kidla.at Fasnatzunft Ems &#8211; ReuteKontakt: martin@fz-emsreute.net Faschingszunft Galgenbr\u00fcder Kontakt: matthias.brotzge@galgenbrueder.at Sch\u00fctzler H\u00fcgelrodlerKontakt: s.huegelrodler@gmx.at<\/p>\n","protected":false},"author":1,"featured_media":0,"parent":1611,"menu_order":3,"comment_status":"closed","ping_status":"closed","template":"","meta":{"pgc_sgb_lightbox_settings":"","footnotes":""},"class_list":["post-1619","page","type-page","status-publish","hentry"],"_links":{"self":[{"href":"https:\/\/www.schlossnarren.at\/index.php\/wp-json\/wp\/v2\/pages\/1619","targetHints":{"allow":["GET"]}}],"collection":[{"href":"https:\/\/www.schlossnarren.at\/index.php\/wp-json\/wp\/v2\/pages"}],"about":[{"href":"https:\/\/www.schlossnarren.at\/index.php\/wp-json\/wp\/v2\/types\/page"}],"author":[{"embeddable":true,"href":"https:\/\/www.schlossnarren.at\/index.php\/wp-json\/wp\/v2\/users\/1"}],"replies":[{"embeddable":true,"href":"https:\/\/www.schlossnarren.at\/index.php\/wp-json\/wp\/v2\/comments?post=1619"}],"version-history":[{"count":87,"href":"https:\/\/www.schlossnarren.at\/index.php\/wp-json\/wp\/v2\/pages\/1619\/revisions"}],"predecessor-version":[{"id":5134,"href":"https:\/\/www.schlossnarren.at\/index.php\/wp-json\/wp\/v2\/pages\/1619\/revisions\/5134"}],"up":[{"embeddable":true,"href":"https:\/\/www.schlossnarren.at\/index.php\/wp-json\/wp\/v2\/pages\/1611"}],"wp:attachment":[{"href":"https:\/\/www.schlossnarren.at\/index.php\/wp-json\/wp\/v2\/media?parent=1619"}],"curies":[{"name":"wp","href":"https:\/\/api.w.org\/{rel}","templated":true}]}}