{"id":1702,"date":"2024-04-27T11:19:59","date_gmt":"2024-04-27T11:19:59","guid":{"rendered":"https:\/\/www.schlossnarren.at\/?page_id=1702"},"modified":"2026-03-29T10:53:31","modified_gmt":"2026-03-29T10:53:31","slug":"galerie","status":"publish","type":"page","link":"https:\/\/www.schlossnarren.at\/index.php\/galerie\/","title":{"rendered":"Galerie"},"content":{"rendered":"\n<div class=\"wp-block-columns is-layout-flex wp-container-core-columns-is-layout-9d6595d7 wp-block-columns-is-layout-flex\">\n<div class=\"wp-block-column is-layout-flow wp-block-column-is-layout-flow\"><div class=\"pgc-sgb-cb wp-block-pgcsimplygalleryblock-albums \" data-gallery-id=\"album_22c056\"><div class=\"sgb-preloader\" id=\"pr_album_22c056\">\n\t<div class=\"sgb-square\" style=\"background:#d4d4d4\"><\/div>\n\t<div class=\"sgb-square\" style=\"background:#d4d4d4\"><\/div>\n\t<div class=\"sgb-square\" style=\"background:#d4d4d4\"><\/div>\n\t<div class=\"sgb-square\" style=\"background:#d4d4d4\"><\/div><\/div><div class=\"simply-gallery-amp pgc-sgb-album \" style=\"display: none;\"><div class=\"sgb-gallery\"><div class=\"sgb-item\" title=\"Jahreshauptversammlung 2026\"><a href=\"https:\/\/www.schlossnarren.at\/index.php\/pgc_simply_gallery\/jahreshauptversammlung-2026\/\" target=\"_blank\"><img decoding=\"async\" alt=\"Jahreshauptversammlung 2026\" width=\"250\" height=\"250\" loading=\"lazy\" src=\"https:\/\/www.schlossnarren.at\/wp-content\/uploads\/2026\/03\/JHV-Embser-Schlossnarren-202631-150x150.jpg\" \/><\/a><div class=\"sgb-item-caption\"><em>Jahreshauptversammlung 2026<\/em><\/div><\/div><\/div><\/div><script type=\"application\/json\" class=\"sgb-data\">{\"splashColumns\":8,\"coverTip\":false,\"sliderItemCounterEnable\":false,\"sliderSlideshow\":false,\"shareTwitter\":false,\"sharePinterest\":false,\"galleries\":[{\"title\":\"Jahreshauptversammlung 2026\",\"ID\":9064,\"id\":9064,\"modified\":\"2026-03-29 10:35:07\",\"date\":\"2026-03-29 10:02:33\",\"postLink\":\"https:\\\/\\\/www.schlossnarren.at\\\/index.php\\\/pgc_simply_gallery\\\/jahreshauptversammlung-2026\\\/\",\"type\":\"pgc_simply_gallery\",\"slug\":\"jahreshauptversammlung-2026\",\"thumbURL\":\"https:\\\/\\\/www.schlossnarren.at\\\/wp-content\\\/uploads\\\/2026\\\/03\\\/JHV-Embser-Schlossnarren-202631-150x150.jpg\",\"thumb\":{\"thumbnail\":{\"height\":150,\"width\":150,\"url\":\"https:\\\/\\\/www.schlossnarren.at\\\/wp-content\\\/uploads\\\/2026\\\/03\\\/JHV-Embser-Schlossnarren-202631-150x150.jpg\",\"orientation\":\"landscape\"},\"medium\":{\"height\":300,\"width\":225,\"url\":\"https:\\\/\\\/www.schlossnarren.at\\\/wp-content\\\/uploads\\\/2026\\\/03\\\/JHV-Embser-Schlossnarren-202631-225x300.jpg\",\"orientation\":\"portrait\"},\"large\":{\"height\":1024,\"width\":768,\"url\":\"https:\\\/\\\/www.schlossnarren.at\\\/wp-content\\\/uploads\\\/2026\\\/03\\\/JHV-Embser-Schlossnarren-202631-768x1024.jpg\",\"orientation\":\"portrait\"},\"full\":{\"url\":\"https:\\\/\\\/www.schlossnarren.at\\\/wp-content\\\/uploads\\\/2026\\\/03\\\/JHV-Embser-Schlossnarren-202631.jpg\",\"height\":1333,\"width\":1000,\"orientation\":\"portrait\"}}}]}<\/script><script type=\"text\/javascript\">(function(){if(window.PGC_SGB && window.PGC_SGB.searcher){window.PGC_SGB.searcher.initBlocks()}})()<\/script><\/div><\/div>\n\n\n\n<div class=\"wp-block-column is-layout-flow wp-block-column-is-layout-flow\">\n<h2 class=\"wp-block-heading\">\ud83c\udfad\u2728 Jahreshauptversammlung der Embser Schlossnarren \u2728\ud83c\udfad<\/h2>\n\n\n\n<p>Was f\u00fcr ein gelungener Abend! Pr\u00e4sident Karl-Heinz Sutter blickte auf eine ereignisreiche und vor allem unfallfreie Saison zur\u00fcck \ud83d\ude4c<\/p>\n\n\n\n<p>Ein riesiges DANKE an alle Unterz\u00fcnfte f\u00fcr euren unerm\u00fcdlichen Einsatz, eure Kreativit\u00e4t und den starken Zusammenhalt \u2764\ufe0f Ohne euch w\u00e4re vieles nicht m\u00f6glich!<\/p>\n\n\n\n<p>Unser Ritterpaar hat seine erste Saison mit viel Herz, Engagement und Humor gemeistert \ud83d\udc51 \u2013 eine gro\u00dfartige Leistung!<\/p>\n\n\n\n<p>Zahlreiche Ehrungen, die Verleihung der Silber- &amp; Goldorden sowie eine Ehrenmitgliedschaft sorgten f\u00fcr besondere Momente \ud83c\udfc5\ud83d\udc4f<\/p>\n\n\n\n<p>Mit einem kurzen Ausblick auf die kommende Saison \u2013 und jeder Menge Vorfreude \u2013 klang der Abend gem\u00fctlich aus \ud83c\udf7b<\/p>\n<\/div>\n<\/div>\n\n\n\n<hr class=\"wp-block-separator has-alpha-channel-opacity is-style-wide\"\/>\n\n\n\n<div class=\"wp-block-columns is-layout-flex wp-container-core-columns-is-layout-9d6595d7 wp-block-columns-is-layout-flex\">\n<div class=\"wp-block-column is-layout-flow wp-block-column-is-layout-flow\">\n<h2 class=\"wp-block-heading\">Hohenems im Faschingsfieber \ud83c\udfad\u2728<\/h2>\n\n\n\n<p>Bereits am Samstag wurde die Hohenemser Regierung vom amtierenden Ritterpaar \u201evom Sch\u00fctz\u201c offiziell entmachtet \ud83d\udc51\ud83d\ude04<br>Und das neue Regiment hat sich f\u00fcrs Faschingsfinale einiges vorgenommen \u2013 die ersten \u00c4nderungen sind bereits in Umsetzung!<\/p>\n\n\n\n<p>Am Sonntag ging\u2019s dann bei strahlendem Wetter weiter: Beim Emser Faschingsumzug zogen bunte Wagen, Musikz\u00fcge, Fu\u00dfgruppen mit kreativen Kost\u00fcmen und mitrei\u00dfende Guggenmusiken durch das Zentrum von Ems \ud83c\udfba\ud83c\udfb6<\/p>\n\n\n\n<p>Das Publikum sparte nicht mit Applaus \u2013 und die kleinsten M\u00e4schgerle hatten beim \u201eZuckerle sammeln\u201c nat\u00fcrlich den gr\u00f6\u00dften Spa\u00df \ud83c\udf6c\ud83e\udd73<\/p>\n\n\n\n<p>In der Werkhofhalle fand das Faschingswochenende schlie\u00dflich einen ruhigen Ausklang.<\/p>\n<\/div>\n\n\n\n<div class=\"wp-block-column is-layout-flow wp-block-column-is-layout-flow\"><div class=\"pgc-sgb-cb wp-block-pgcsimplygalleryblock-albums \" data-gallery-id=\"album_95d365\"><div class=\"sgb-preloader\" id=\"pr_album_95d365\">\n\t<div class=\"sgb-square\" style=\"background:#d4d4d4\"><\/div>\n\t<div class=\"sgb-square\" style=\"background:#d4d4d4\"><\/div>\n\t<div class=\"sgb-square\" style=\"background:#d4d4d4\"><\/div>\n\t<div class=\"sgb-square\" style=\"background:#d4d4d4\"><\/div><\/div><div class=\"simply-gallery-amp pgc-sgb-album \" style=\"display: none;\"><div class=\"sgb-gallery\"><div class=\"sgb-item\" title=\"Macht\u00fcbernahme 7. Februar 2026\"><a href=\"https:\/\/www.schlossnarren.at\/index.php\/pgc_simply_gallery\/machtuebernahme-7-februar-2026\/\" target=\"_blank\"><img decoding=\"async\" alt=\"Macht\u00fcbernahme 7. Februar 2026\" width=\"250\" height=\"250\" loading=\"lazy\" src=\"https:\/\/www.schlossnarren.at\/wp-content\/uploads\/2026\/02\/Machtuebernahme-2026012-150x150.jpg\" \/><\/a><div class=\"sgb-item-caption\"><em>Macht\u00fcbernahme 7. Februar 2026<\/em><\/div><\/div><\/div><\/div><script type=\"application\/json\" class=\"sgb-data\">{\"presetName\":\"none\",\"skin\":\"albums\",\"galleryId\":\"album_95d365\",\"taxonomyId\":\"36\",\"galleries\":[{\"title\":\"Macht\\u00fcbernahme 7. Februar 2026\",\"ID\":8055,\"id\":8055,\"modified\":\"2026-02-12 17:46:32\",\"date\":\"2026-02-12 17:18:30\",\"postLink\":\"https:\\\/\\\/www.schlossnarren.at\\\/index.php\\\/pgc_simply_gallery\\\/machtuebernahme-7-februar-2026\\\/\",\"type\":\"pgc_simply_gallery\",\"slug\":\"machtuebernahme-7-februar-2026\",\"thumbURL\":\"https:\\\/\\\/www.schlossnarren.at\\\/wp-content\\\/uploads\\\/2026\\\/02\\\/Machtuebernahme-2026012-150x150.jpg\",\"thumb\":{\"thumbnail\":{\"height\":150,\"width\":150,\"url\":\"https:\\\/\\\/www.schlossnarren.at\\\/wp-content\\\/uploads\\\/2026\\\/02\\\/Machtuebernahme-2026012-150x150.jpg\",\"orientation\":\"landscape\"},\"medium\":{\"height\":200,\"width\":300,\"url\":\"https:\\\/\\\/www.schlossnarren.at\\\/wp-content\\\/uploads\\\/2026\\\/02\\\/Machtuebernahme-2026012-300x200.jpg\",\"orientation\":\"landscape\"},\"full\":{\"url\":\"https:\\\/\\\/www.schlossnarren.at\\\/wp-content\\\/uploads\\\/2026\\\/02\\\/Machtuebernahme-2026012.jpg\",\"height\":668,\"width\":1000,\"orientation\":\"landscape\"}}}],\"splashThumbHieghtRation\":0.7,\"splashThumbRecomendedWidth\":250,\"coverTitleTextSize\":19,\"coverTip\":false,\"shareTwitter\":false,\"sharePinterest\":false}<\/script><script type=\"text\/javascript\">(function(){if(window.PGC_SGB && window.PGC_SGB.searcher){window.PGC_SGB.searcher.initBlocks()}})()<\/script><\/div>\n\n<div class=\"pgc-sgb-cb wp-block-pgcsimplygalleryblock-albums \" data-gallery-id=\"album_6e5848\"><div class=\"sgb-preloader\" id=\"pr_album_6e5848\">\n\t<div class=\"sgb-square\" style=\"background:#d4d4d4\"><\/div>\n\t<div class=\"sgb-square\" style=\"background:#d4d4d4\"><\/div>\n\t<div class=\"sgb-square\" style=\"background:#d4d4d4\"><\/div>\n\t<div class=\"sgb-square\" style=\"background:#d4d4d4\"><\/div><\/div><div class=\"simply-gallery-amp pgc-sgb-album \" style=\"display: none;\"><div class=\"sgb-gallery\"><div class=\"sgb-item\" title=\"Faschingsumzug 2026\"><a href=\"https:\/\/www.schlossnarren.at\/index.php\/pgc_simply_gallery\/faschingsumzug-2026\/\" target=\"_blank\"><img decoding=\"async\" alt=\"Faschingsumzug 2026\" width=\"250\" height=\"250\" loading=\"lazy\" src=\"https:\/\/www.schlossnarren.at\/wp-content\/uploads\/2026\/02\/Faschingsumzug-2026_202-1-150x150.jpg\" \/><\/a><div class=\"sgb-item-caption\"><em>Faschingsumzug 2026<\/em><\/div><\/div><\/div><\/div><script type=\"application\/json\" class=\"sgb-data\">{\"presetName\":\"none\",\"skin\":\"albums\",\"galleryId\":\"album_6e5848\",\"taxonomyId\":\"37\",\"galleries\":[{\"title\":\"Faschingsumzug 2026\",\"ID\":8546,\"id\":8546,\"modified\":\"2026-02-12 18:29:47\",\"date\":\"2026-02-12 18:11:27\",\"postLink\":\"https:\\\/\\\/www.schlossnarren.at\\\/index.php\\\/pgc_simply_gallery\\\/faschingsumzug-2026\\\/\",\"type\":\"pgc_simply_gallery\",\"slug\":\"faschingsumzug-2026\",\"thumbURL\":\"https:\\\/\\\/www.schlossnarren.at\\\/wp-content\\\/uploads\\\/2026\\\/02\\\/Faschingsumzug-2026_202-1-150x150.jpg\",\"thumb\":{\"thumbnail\":{\"height\":150,\"width\":150,\"url\":\"https:\\\/\\\/www.schlossnarren.at\\\/wp-content\\\/uploads\\\/2026\\\/02\\\/Faschingsumzug-2026_202-1-150x150.jpg\",\"orientation\":\"landscape\"},\"medium\":{\"height\":300,\"width\":200,\"url\":\"https:\\\/\\\/www.schlossnarren.at\\\/wp-content\\\/uploads\\\/2026\\\/02\\\/Faschingsumzug-2026_202-1-200x300.jpg\",\"orientation\":\"portrait\"},\"large\":{\"height\":1024,\"width\":683,\"url\":\"https:\\\/\\\/www.schlossnarren.at\\\/wp-content\\\/uploads\\\/2026\\\/02\\\/Faschingsumzug-2026_202-1-683x1024.jpg\",\"orientation\":\"portrait\"},\"full\":{\"url\":\"https:\\\/\\\/www.schlossnarren.at\\\/wp-content\\\/uploads\\\/2026\\\/02\\\/Faschingsumzug-2026_202-1.jpg\",\"height\":1500,\"width\":1000,\"orientation\":\"portrait\"}}}],\"splashThumbHieghtRation\":0.7,\"splashThumbRecomendedWidth\":250,\"coverTitleTextSize\":18,\"coverTip\":false}<\/script><script type=\"text\/javascript\">(function(){if(window.PGC_SGB && window.PGC_SGB.searcher){window.PGC_SGB.searcher.initBlocks()}})()<\/script><\/div><\/div>\n<\/div>\n\n\n\n<div style=\"height:50px\" aria-hidden=\"true\" class=\"wp-block-spacer\"><\/div>\n\n\n\n<hr class=\"wp-block-separator has-alpha-channel-opacity is-style-wide\"\/>\n\n\n\n<div class=\"wp-block-columns is-layout-flex wp-container-core-columns-is-layout-9d6595d7 wp-block-columns-is-layout-flex\">\n<div class=\"wp-block-column is-layout-flow wp-block-column-is-layout-flow\" style=\"font-size:40px\">\n<div class=\"wp-block-columns is-layout-flex wp-container-core-columns-is-layout-9d6595d7 wp-block-columns-is-layout-flex\">\n<div class=\"wp-block-column is-layout-flow wp-block-column-is-layout-flow\">\n<h2 class=\"wp-block-heading\"><strong>Faschingser\u00f6ffnung in Hohenems \u2013 Neues Ritterpaar angelobt<\/strong><\/h2>\n\n\n\n<p style=\"font-size:15px\">P\u00fcnktlich um 11:11 Uhr fiel am 11. November in Hohenems der Startschuss in die n\u00e4rrische Zeit. Pr\u00e4sident Karl-Heinz Sutter er\u00f6ffnete offiziell die Faschingssaison und sorgte damit f\u00fcr ausgelassene Stimmung unter den zahlreichen Narren und N\u00e4rrinnen.<\/p>\n\n\n\n<p style=\"font-size:15px\">Mit Nachdruck wurde um die Abl\u00f6se des bisherigen lustenauer Ritterpaares gefleht \u2013 und der Faschingsgott hatte ein Einsehen: Ein neues Ritterpaar wurde gefunden! Die Ehre, das n\u00e4rrische Zepter in der kommenden Saison zu f\u00fchren, f\u00e4llt heuer den Sch\u00fctzler H\u00fcgelrodlern zu. Mit einem feierlichen Gel\u00f6bnis wurden sie in ihr Amt eingef\u00fchrt und erhielten tosenden Applaus vom n\u00e4rrischen Volk.<\/p>\n\n\n\n<p style=\"font-size:15px\">Damit ist der Grundstein f\u00fcr eine bunte, fr\u00f6hliche und ausgelassene Faschingszeit in Hohenems gelegt!<\/p>\n<\/div>\n\n\n\n<div class=\"wp-block-column is-layout-flow wp-block-column-is-layout-flow\" style=\"font-size:50px\"><div class=\"pgc-sgb-cb wp-block-pgcsimplygalleryblock-albums \" data-gallery-id=\"album_809381\"><div class=\"sgb-preloader\" id=\"pr_album_809381\">\n\t<div class=\"sgb-square\" style=\"background:#d4d4d4\"><\/div>\n\t<div class=\"sgb-square\" style=\"background:#d4d4d4\"><\/div>\n\t<div class=\"sgb-square\" style=\"background:#d4d4d4\"><\/div>\n\t<div class=\"sgb-square\" style=\"background:#d4d4d4\"><\/div><\/div><div class=\"simply-gallery-amp pgc-sgb-album \" style=\"display: none;\"><div class=\"sgb-gallery\"><div class=\"sgb-item\" title=\"Faschingsbeginn im L\u00f6wensaal\"><a href=\"https:\/\/www.schlossnarren.at\/index.php\/pgc_simply_gallery\/faschingsbeginn-im-loewensaal\/\" target=\"_blank\"><img decoding=\"async\" alt=\"Faschingsbeginn im L\u00f6wensaal\" width=\"250\" height=\"250\" loading=\"lazy\" src=\"https:\/\/www.schlossnarren.at\/wp-content\/uploads\/2025\/11\/Faschingseroeffnung-11-150x150.jpg\" \/><\/a><div class=\"sgb-item-caption\"><em>Faschingsbeginn im L\u00f6wensaal<\/em><\/div><\/div><\/div><\/div><script type=\"application\/json\" class=\"sgb-data\">{\"presetName\":\"none\",\"skin\":\"albums\",\"galleryId\":\"album_809381\",\"taxonomyId\":\"30\",\"galleries\":[{\"title\":\"Faschingsbeginn im L\\u00f6wensaal\",\"ID\":7987,\"id\":7987,\"modified\":\"2025-11-17 09:35:54\",\"date\":\"2025-11-17 09:29:17\",\"postLink\":\"https:\\\/\\\/www.schlossnarren.at\\\/index.php\\\/pgc_simply_gallery\\\/faschingsbeginn-im-loewensaal\\\/\",\"type\":\"pgc_simply_gallery\",\"slug\":\"faschingsbeginn-im-loewensaal\",\"thumbURL\":\"https:\\\/\\\/www.schlossnarren.at\\\/wp-content\\\/uploads\\\/2025\\\/11\\\/Faschingseroeffnung-11-150x150.jpg\",\"thumb\":{\"thumbnail\":{\"height\":150,\"width\":150,\"url\":\"https:\\\/\\\/www.schlossnarren.at\\\/wp-content\\\/uploads\\\/2025\\\/11\\\/Faschingseroeffnung-11-150x150.jpg\",\"orientation\":\"landscape\"},\"medium\":{\"height\":300,\"width\":225,\"url\":\"https:\\\/\\\/www.schlossnarren.at\\\/wp-content\\\/uploads\\\/2025\\\/11\\\/Faschingseroeffnung-11-225x300.jpg\",\"orientation\":\"portrait\"},\"large\":{\"height\":1024,\"width\":768,\"url\":\"https:\\\/\\\/www.schlossnarren.at\\\/wp-content\\\/uploads\\\/2025\\\/11\\\/Faschingseroeffnung-11-768x1024.jpg\",\"orientation\":\"portrait\"},\"full\":{\"url\":\"https:\\\/\\\/www.schlossnarren.at\\\/wp-content\\\/uploads\\\/2025\\\/11\\\/Faschingseroeffnung-11.jpg\",\"height\":1333,\"width\":1000,\"orientation\":\"portrait\"}}}],\"splashThumbRecomendedWidth\":350,\"coverTitleTextSize\":15,\"coverTip\":false,\"sliderItemTitleFontSize\":20,\"shareTwitter\":false,\"sharePinterest\":false}<\/script><script type=\"text\/javascript\">(function(){if(window.PGC_SGB && window.PGC_SGB.searcher){window.PGC_SGB.searcher.initBlocks()}})()<\/script><\/div><\/div>\n<\/div>\n\n\n\n<div class=\"wp-block-columns is-layout-flex wp-container-core-columns-is-layout-9d6595d7 wp-block-columns-is-layout-flex\">\n<div class=\"wp-block-column is-layout-flow wp-block-column-is-layout-flow\" style=\"font-size:50px\"><div class=\"pgc-sgb-cb wp-block-pgcsimplygalleryblock-albumnavigator \" data-gallery-id=\"album_809381\"><div class=\"sgb-preloader\" id=\"pr_album_809381\">\n\t<div class=\"sgb-square\" style=\"background:#d4d4d4\"><\/div>\n\t<div class=\"sgb-square\" style=\"background:#d4d4d4\"><\/div>\n\t<div class=\"sgb-square\" style=\"background:#d4d4d4\"><\/div>\n\t<div class=\"sgb-square\" style=\"background:#d4d4d4\"><\/div><\/div><div class=\"simply-gallery-amp pgc-sgb-album \" style=\"display: none;\"><div class=\"sgb-gallery\"><div class=\"sgb-item\" title=\"Prinzen- und Ritterpaartreffen 2025\"><a href=\"https:\/\/www.schlossnarren.at\/index.php\/pgc_simply_gallery\/prinzen-und-ritterpaartreffen-2025\/\" target=\"_blank\"><img decoding=\"async\" alt=\"Prinzen- und Ritterpaartreffen 2025\" width=\"250\" height=\"250\" loading=\"lazy\" src=\"https:\/\/www.schlossnarren.at\/wp-content\/uploads\/2025\/10\/Prinzen-und-Ritterpaartreffen-2025-040-150x150.jpg\" \/><\/a><div class=\"sgb-item-caption\"><em>Prinzen- und Ritterpaartreffen 2025<\/em><\/div><\/div><\/div><\/div><script type=\"application\/json\" class=\"sgb-data\">{\"presetName\":\"none\",\"skin\":\"albumnavigator\",\"galleryId\":\"album_809381\",\"taxonomyId\":\"29\",\"galleries\":[{\"title\":\"Prinzen- und Ritterpaartreffen 2025\",\"ID\":7803,\"id\":7803,\"modified\":\"2025-10-11 12:00:30\",\"date\":\"2025-10-11 11:46:40\",\"postLink\":\"https:\\\/\\\/www.schlossnarren.at\\\/index.php\\\/pgc_simply_gallery\\\/prinzen-und-ritterpaartreffen-2025\\\/\",\"type\":\"pgc_simply_gallery\",\"slug\":\"prinzen-und-ritterpaartreffen-2025\",\"thumbURL\":\"https:\\\/\\\/www.schlossnarren.at\\\/wp-content\\\/uploads\\\/2025\\\/10\\\/Prinzen-und-Ritterpaartreffen-2025-040-150x150.jpg\",\"thumb\":{\"thumbnail\":{\"height\":150,\"width\":150,\"url\":\"https:\\\/\\\/www.schlossnarren.at\\\/wp-content\\\/uploads\\\/2025\\\/10\\\/Prinzen-und-Ritterpaartreffen-2025-040-150x150.jpg\",\"orientation\":\"landscape\"},\"medium\":{\"height\":300,\"width\":200,\"url\":\"https:\\\/\\\/www.schlossnarren.at\\\/wp-content\\\/uploads\\\/2025\\\/10\\\/Prinzen-und-Ritterpaartreffen-2025-040-200x300.jpg\",\"orientation\":\"portrait\"},\"large\":{\"height\":1024,\"width\":683,\"url\":\"https:\\\/\\\/www.schlossnarren.at\\\/wp-content\\\/uploads\\\/2025\\\/10\\\/Prinzen-und-Ritterpaartreffen-2025-040-683x1024.jpg\",\"orientation\":\"portrait\"},\"full\":{\"url\":\"https:\\\/\\\/www.schlossnarren.at\\\/wp-content\\\/uploads\\\/2025\\\/10\\\/Prinzen-und-Ritterpaartreffen-2025-040.jpg\",\"height\":1500,\"width\":1000,\"orientation\":\"portrait\"}}}],\"splashThumbRecomendedWidth\":300,\"coverTitleTextSize\":15,\"coverTip\":false,\"shareTwitter\":false,\"sharePinterest\":false,\"galleryModalShareButton\":false,\"collectionColumns\":8,\"collectionThumbRecomendedWidth\":100,\"collectionThumbSubMenuDownload\":false,\"collectionThumbSubMenuShare\":false}<\/script><script type=\"text\/javascript\">(function(){if(window.PGC_SGB && window.PGC_SGB.searcher){window.PGC_SGB.searcher.initBlocks()}})()<\/script><\/div><\/div>\n\n\n\n<div class=\"wp-block-column is-layout-flow wp-block-column-is-layout-flow\">\n<h2 class=\"wp-block-heading\">Prinzen- und Ritterpaartreffen zum 60-Jahr-Jubil\u00e4um der Embser Schlossnarren<\/h2>\n\n\n\n<p style=\"font-size:15px\">Anl\u00e4sslich des <strong>60-j\u00e4hrigen Bestehens<\/strong> der Embser Schlossnarren fand ein festliches Treffen der Prinzen- und Ritterpaare statt. Zahlreiche G\u00e4ste, darunter auch die Ehrenmitglieder der Zunft, folgten der Einladung. Nach einer interessanten F\u00fchrung durch das Rathaus mit B\u00fcrgermeister Dieter klang der Tag bei einem gem\u00fctlichen Beisammensein aus. Gleichzeitig nutzte die Zunft die Gelegenheit, die am Emser Markt gesammelten <strong>Spenden an das Hilfswerk<\/strong> zu \u00fcbergeben. Durch eine gro\u00dfz\u00fcgige Aufstockung wurde der Betrag von \u20ac 1.500 auf stolze \u20ac 3.333 erh\u00f6ht.<\/p>\n<\/div>\n<\/div>\n\n\n\n<div class=\"wp-block-columns is-layout-flex wp-container-core-columns-is-layout-9d6595d7 wp-block-columns-is-layout-flex\">\n<div class=\"wp-block-column is-layout-flow wp-block-column-is-layout-flow\">\n<h2 class=\"wp-block-heading\">Ein halbes Jahrhundert Faschingsfreude: Jubil\u00e4um bei der Unterkliener Zunft<\/h2>\n\n\n\n<p style=\"font-size:16px\">Mit Spiel, Spa\u00df und bester Stimmung feierte die Unterkliener Faschingszunft ihr 50-j\u00e4hriges Jubil\u00e4um \u2013 ein halbes Jahrhundert voller n\u00e4rrischer Tradition, gelebtem Vereinsgeist und unz\u00e4hliger sch\u00f6ner Erinnerungen.<\/p>\n\n\n\n<p style=\"font-size:16px\">Das bunte Jubil\u00e4umsfest fand auf dem Firmengel\u00e4nde von Amann Reisen statt und bot f\u00fcr Gro\u00df und Klein ein abwechslungsreiches Programm. Ob fr\u00f6hliche Kinderspiele, musikalische Unterhaltung oder kulinarische Highlights \u2013 f\u00fcr jeden war etwas dabei!<\/p>\n\n\n\n<p style=\"font-size:15px\">Wir gratulieren der Unterkliener Faschingszunft herzlich zum runden Geburtstag und sagen: <strong>Ein Hoch auf 50 Jahre Faschingsfreude \u2013 und auf viele weitere!<\/strong><\/p>\n<\/div>\n\n\n\n<div class=\"wp-block-column is-layout-flow wp-block-column-is-layout-flow\" style=\"font-size:50px\"><div class=\"pgc-sgb-cb wp-block-pgcsimplygalleryblock-albumnavigator \" data-gallery-id=\"album_809381\"><div class=\"sgb-preloader\" id=\"pr_album_809381\">\n\t<div class=\"sgb-square\" style=\"background:#d4d4d4\"><\/div>\n\t<div class=\"sgb-square\" style=\"background:#d4d4d4\"><\/div>\n\t<div class=\"sgb-square\" style=\"background:#d4d4d4\"><\/div>\n\t<div class=\"sgb-square\" style=\"background:#d4d4d4\"><\/div><\/div><div class=\"simply-gallery-amp pgc-sgb-album \" style=\"display: none;\"><div class=\"sgb-gallery\"><div class=\"sgb-item\" title=\"Steinbockolympiade 2025\"><a href=\"https:\/\/www.schlossnarren.at\/index.php\/pgc_simply_gallery\/steinbockolympiade-2025\/\" target=\"_blank\"><img decoding=\"async\" alt=\"Steinbockolympiade 2025\" width=\"250\" height=\"250\" loading=\"lazy\" src=\"https:\/\/www.schlossnarren.at\/wp-content\/uploads\/2025\/06\/Steinbockolympiade-2025-11-150x150.jpg\" \/><\/a><div class=\"sgb-item-caption\"><em>Steinbockolympiade 2025<\/em><\/div><\/div><\/div><\/div><script type=\"application\/json\" class=\"sgb-data\">{\"presetName\":\"none\",\"skin\":\"albumnavigator\",\"galleryId\":\"album_809381\",\"taxonomyId\":\"28\",\"galleries\":[{\"title\":\"Steinbockolympiade 2025\",\"ID\":7736,\"id\":7736,\"modified\":\"2025-06-02 08:23:02\",\"date\":\"2025-06-02 07:30:53\",\"postLink\":\"https:\\\/\\\/www.schlossnarren.at\\\/index.php\\\/pgc_simply_gallery\\\/steinbockolympiade-2025\\\/\",\"type\":\"pgc_simply_gallery\",\"slug\":\"steinbockolympiade-2025\",\"thumbURL\":\"https:\\\/\\\/www.schlossnarren.at\\\/wp-content\\\/uploads\\\/2025\\\/06\\\/Steinbockolympiade-2025-11-150x150.jpg\",\"thumb\":{\"thumbnail\":{\"height\":150,\"width\":150,\"url\":\"https:\\\/\\\/www.schlossnarren.at\\\/wp-content\\\/uploads\\\/2025\\\/06\\\/Steinbockolympiade-2025-11-150x150.jpg\",\"orientation\":\"landscape\"},\"medium\":{\"height\":225,\"width\":300,\"url\":\"https:\\\/\\\/www.schlossnarren.at\\\/wp-content\\\/uploads\\\/2025\\\/06\\\/Steinbockolympiade-2025-11-300x225.jpg\",\"orientation\":\"landscape\"},\"full\":{\"url\":\"https:\\\/\\\/www.schlossnarren.at\\\/wp-content\\\/uploads\\\/2025\\\/06\\\/Steinbockolympiade-2025-11.jpg\",\"height\":750,\"width\":1000,\"orientation\":\"landscape\"}}}],\"splashThumbRecomendedWidth\":350,\"coverTitleTextSize\":15,\"coverTip\":false,\"shareTwitter\":false,\"sharePinterest\":false,\"galleryModalHeaderTitleFontSize\":15,\"collectionColumns\":8,\"collectionThumbRecomendedWidth\":100,\"externalLinkFontSize\":15,\"collectionthumbHoverTitleFontSize\":15}<\/script><script type=\"text\/javascript\">(function(){if(window.PGC_SGB && window.PGC_SGB.searcher){window.PGC_SGB.searcher.initBlocks()}})()<\/script><\/div><\/div>\n<\/div>\n\n\n\n<div class=\"wp-block-columns is-layout-flex wp-container-core-columns-is-layout-9d6595d7 wp-block-columns-is-layout-flex\">\n<div class=\"wp-block-column is-layout-flow wp-block-column-is-layout-flow\" style=\"font-size:50px\"><div class=\"pgc-sgb-cb wp-block-pgcsimplygalleryblock-albumnavigator \" data-gallery-id=\"album_809381\"><div class=\"sgb-preloader\" id=\"pr_album_809381\">\n\t<div class=\"sgb-square\" style=\"background:#d4d4d4\"><\/div>\n\t<div class=\"sgb-square\" style=\"background:#d4d4d4\"><\/div>\n\t<div class=\"sgb-square\" style=\"background:#d4d4d4\"><\/div>\n\t<div class=\"sgb-square\" style=\"background:#d4d4d4\"><\/div><\/div><div class=\"simply-gallery-amp pgc-sgb-album \" style=\"display: none;\"><div class=\"sgb-gallery\"><div class=\"sgb-item\" title=\"Ausflug nach Salzburg\"><a href=\"https:\/\/www.schlossnarren.at\/index.php\/pgc_simply_gallery\/ausflug-nach-salzburg\/\" target=\"_blank\"><img decoding=\"async\" alt=\"Ausflug nach Salzburg\" width=\"250\" height=\"250\" loading=\"lazy\" src=\"https:\/\/www.schlossnarren.at\/wp-content\/uploads\/2025\/06\/Salzburg-2025-45-150x150.jpg\" \/><\/a><div class=\"sgb-item-caption\"><em>Ausflug nach Salzburg<\/em><\/div><\/div><\/div><\/div><script type=\"application\/json\" class=\"sgb-data\">{\"presetName\":\"none\",\"skin\":\"albumnavigator\",\"galleryId\":\"album_809381\",\"taxonomyId\":\"27\",\"galleries\":[{\"title\":\"Ausflug nach Salzburg\",\"ID\":7734,\"id\":7734,\"modified\":\"2025-06-02 07:43:14\",\"date\":\"2025-06-02 07:27:41\",\"postLink\":\"https:\\\/\\\/www.schlossnarren.at\\\/index.php\\\/pgc_simply_gallery\\\/ausflug-nach-salzburg\\\/\",\"type\":\"pgc_simply_gallery\",\"slug\":\"ausflug-nach-salzburg\",\"thumbURL\":\"https:\\\/\\\/www.schlossnarren.at\\\/wp-content\\\/uploads\\\/2025\\\/06\\\/Salzburg-2025-45-150x150.jpg\",\"thumb\":{\"thumbnail\":{\"height\":150,\"width\":150,\"url\":\"https:\\\/\\\/www.schlossnarren.at\\\/wp-content\\\/uploads\\\/2025\\\/06\\\/Salzburg-2025-45-150x150.jpg\",\"orientation\":\"landscape\"},\"medium\":{\"height\":225,\"width\":300,\"url\":\"https:\\\/\\\/www.schlossnarren.at\\\/wp-content\\\/uploads\\\/2025\\\/06\\\/Salzburg-2025-45-300x225.jpg\",\"orientation\":\"landscape\"},\"full\":{\"url\":\"https:\\\/\\\/www.schlossnarren.at\\\/wp-content\\\/uploads\\\/2025\\\/06\\\/Salzburg-2025-45.jpg\",\"height\":750,\"width\":1000,\"orientation\":\"landscape\"}}}],\"splashThumbRecomendedWidth\":350,\"coverTitleTextSize\":15,\"coverTip\":false,\"shareTwitter\":false,\"sharePinterest\":false,\"galleryModalHeaderTitleFontSize\":15,\"collectionColumns\":8,\"collectionThumbRecomendedWidth\":100,\"externalLinkFontSize\":15,\"collectionthumbHoverTitleFontSize\":15}<\/script><script type=\"text\/javascript\">(function(){if(window.PGC_SGB && window.PGC_SGB.searcher){window.PGC_SGB.searcher.initBlocks()}})()<\/script><\/div><\/div>\n\n\n\n<div class=\"wp-block-column is-layout-flow wp-block-column-is-layout-flow\">\n<h2 class=\"wp-block-heading\">Schlossnarren on Tour: Ausflug nach Salzburg<\/h2>\n\n\n\n<p style=\"font-size:16px\">Anfang Mai machten sich die Schlossnarren auf den Weg zu einem besonderen Vereinsausflug nach Salzburg. Auf dem abwechslungsreichen Programm standen unter anderem die beeindruckende <strong>Besichtigung der Festung Hohensalzburg<\/strong> sowie ein unterhaltsamer Abstecher in die traditionsreiche <strong>Stiegl Brauerei<\/strong>. Nat\u00fcrlich kam auch der gesellige Teil nicht zu kurz \u2013 bei gutem Essen, fr\u00f6hlichem Beisammensein und dem ein oder anderen \u201eEinkehrschwung\u201c wurde viel gelacht und genossen.<\/p>\n\n\n\n<p style=\"font-size:15px\">Nach zwei erlebnisreichen Tagen fand der Ausflug einen w\u00fcrdigen Abschluss beim <strong>Landesverbandstag in Gantschier<\/strong>. <\/p>\n<\/div>\n<\/div>\n<\/div>\n<\/div>\n\n\n\n<hr class=\"wp-block-separator has-alpha-channel-opacity is-style-wide\"\/>\n\n\n\n<div class=\"wp-block-columns is-layout-flex wp-container-core-columns-is-layout-9d6595d7 wp-block-columns-is-layout-flex\">\n<div class=\"wp-block-column is-layout-flow wp-block-column-is-layout-flow\">\n<h2 class=\"wp-block-heading\">Die Embser Schlossnarren sagen DANKE! \ud83c\udfad\ud83c\udf89<\/h2>\n\n\n\n<p>Mit einem herzlichen Dankesch\u00f6n blicken wir auf einen unvergesslichen Landesnarrentag zur\u00fcck! Ohne die tatkr\u00e4ftige Unterst\u00fctzung unserer zahlreichen Helferinnen und Helfer w\u00e4re all das nicht m\u00f6glich gewesen.<\/p>\n\n\n\n<p>Als Zeichen der Wertsch\u00e4tzung luden wir zu einem geselligen Abend in den <strong>L\u00f6wensaal Hohenems<\/strong> ein. Danke an ALLE die mit ihrem Einsatz, ihrer Leidenschaft und ihrem Engagement dieses Gro\u00dfevent zu einem unvergesslichen Tag gemacht haben.<\/p>\n\n\n\n<p>Eure <strong>Embser Schlossnarren<\/strong> \ud83c\udfad\ud83c\udf8a<\/p>\n<\/div>\n\n\n\n<div class=\"wp-block-column is-layout-flow wp-block-column-is-layout-flow\"><div class=\"pgc-sgb-cb wp-block-pgcsimplygalleryblock-albumnavigator \" data-gallery-id=\"album_437777\"><div class=\"sgb-preloader\" id=\"pr_album_437777\">\n\t<div class=\"sgb-square\" style=\"background:#d4d4d4\"><\/div>\n\t<div class=\"sgb-square\" style=\"background:#d4d4d4\"><\/div>\n\t<div class=\"sgb-square\" style=\"background:#d4d4d4\"><\/div>\n\t<div class=\"sgb-square\" style=\"background:#d4d4d4\"><\/div><\/div><div class=\"simply-gallery-amp pgc-sgb-album \" style=\"display: none;\"><div class=\"sgb-gallery\"><div class=\"sgb-item\" title=\"Dankef\u00e4scht Landesnarrentag 2025\"><a href=\"https:\/\/www.schlossnarren.at\/index.php\/pgc_simply_gallery\/dankefaescht-landesnarrentag-2025\/\" target=\"_blank\"><img decoding=\"async\" alt=\"Dankef\u00e4scht Landesnarrentag 2025\" width=\"250\" height=\"250\" loading=\"lazy\" src=\"https:\/\/www.schlossnarren.at\/wp-content\/uploads\/2025\/03\/Dankefaescht-LNT-093-150x150.jpg\" \/><\/a><div class=\"sgb-item-caption\"><em>Dankef\u00e4scht Landesnarrentag 2025<\/em><\/div><\/div><\/div><\/div><script type=\"application\/json\" class=\"sgb-data\">{\"presetName\":\"none\",\"skin\":\"albumnavigator\",\"galleryId\":\"album_437777\",\"taxonomyId\":\"25\",\"galleries\":[{\"title\":\"Dankef\\u00e4scht Landesnarrentag 2025\",\"ID\":7383,\"id\":7383,\"modified\":\"2025-03-17 10:45:46\",\"date\":\"2025-03-17 10:22:19\",\"postLink\":\"https:\\\/\\\/www.schlossnarren.at\\\/index.php\\\/pgc_simply_gallery\\\/dankefaescht-landesnarrentag-2025\\\/\",\"type\":\"pgc_simply_gallery\",\"slug\":\"dankefaescht-landesnarrentag-2025\",\"thumbURL\":\"https:\\\/\\\/www.schlossnarren.at\\\/wp-content\\\/uploads\\\/2025\\\/03\\\/Dankefaescht-LNT-093-150x150.jpg\",\"thumb\":{\"thumbnail\":{\"height\":150,\"width\":150,\"url\":\"https:\\\/\\\/www.schlossnarren.at\\\/wp-content\\\/uploads\\\/2025\\\/03\\\/Dankefaescht-LNT-093-150x150.jpg\",\"orientation\":\"landscape\"},\"medium\":{\"height\":200,\"width\":300,\"url\":\"https:\\\/\\\/www.schlossnarren.at\\\/wp-content\\\/uploads\\\/2025\\\/03\\\/Dankefaescht-LNT-093-300x200.jpg\",\"orientation\":\"landscape\"},\"full\":{\"url\":\"https:\\\/\\\/www.schlossnarren.at\\\/wp-content\\\/uploads\\\/2025\\\/03\\\/Dankefaescht-LNT-093.jpg\",\"height\":667,\"width\":1000,\"orientation\":\"landscape\"}}}],\"splashColumns\":8,\"splashThumbRecomendedWidth\":300,\"coverTitleTextSize\":18,\"coverTip\":false,\"shareTwitter\":false,\"sharePinterest\":false,\"galleryModalShareButton\":false,\"collectionColumns\":8,\"collectionThumbRecomendedWidth\":100,\"collectionThumbSubMenuDownload\":false,\"collectionThumbSubMenuShare\":false}<\/script><script type=\"text\/javascript\">(function(){if(window.PGC_SGB && window.PGC_SGB.searcher){window.PGC_SGB.searcher.initBlocks()}})()<\/script><\/div><\/div>\n<\/div>\n\n\n\n<div class=\"wp-block-columns is-layout-flex wp-container-core-columns-is-layout-9d6595d7 wp-block-columns-is-layout-flex\">\n<div class=\"wp-block-column is-layout-flow wp-block-column-is-layout-flow\"><div class=\"pgc-sgb-cb wp-block-pgcsimplygalleryblock-albumnavigator \" data-gallery-id=\"album_919396\"><div class=\"sgb-preloader\" id=\"pr_album_919396\">\n\t<div class=\"sgb-square\" style=\"background:#d4d4d4\"><\/div>\n\t<div class=\"sgb-square\" style=\"background:#d4d4d4\"><\/div>\n\t<div class=\"sgb-square\" style=\"background:#d4d4d4\"><\/div>\n\t<div class=\"sgb-square\" style=\"background:#d4d4d4\"><\/div><\/div><div class=\"simply-gallery-amp pgc-sgb-album \" style=\"display: none;\"><div class=\"sgb-gallery\"><div class=\"sgb-item\" title=\"Faschingswochenende\"><a href=\"https:\/\/www.schlossnarren.at\/index.php\/pgc_simply_gallery\/faschingswochenende\/\" target=\"_blank\"><img decoding=\"async\" alt=\"Faschingswochenende\" width=\"250\" height=\"250\" loading=\"lazy\" src=\"https:\/\/www.schlossnarren.at\/wp-content\/uploads\/2025\/06\/Faschingswochenende-2025-001-150x150.jpg\" \/><\/a><div class=\"sgb-item-caption\"><em>Faschingswochenende<\/em><\/div><\/div><\/div><\/div><script type=\"application\/json\" class=\"sgb-data\">{\"presetName\":\"none\",\"skin\":\"albumnavigator\",\"galleryId\":\"album_919396\",\"taxonomyId\":\"26\",\"galleries\":[{\"title\":\"Faschingswochenende\",\"ID\":7538,\"id\":7538,\"modified\":\"2025-06-02 08:37:04\",\"date\":\"2025-06-02 06:50:01\",\"postLink\":\"https:\\\/\\\/www.schlossnarren.at\\\/index.php\\\/pgc_simply_gallery\\\/faschingswochenende\\\/\",\"type\":\"pgc_simply_gallery\",\"slug\":\"faschingswochenende\",\"thumbURL\":\"https:\\\/\\\/www.schlossnarren.at\\\/wp-content\\\/uploads\\\/2025\\\/06\\\/Faschingswochenende-2025-001-150x150.jpg\",\"thumb\":{\"thumbnail\":{\"height\":150,\"width\":150,\"url\":\"https:\\\/\\\/www.schlossnarren.at\\\/wp-content\\\/uploads\\\/2025\\\/06\\\/Faschingswochenende-2025-001-150x150.jpg\",\"orientation\":\"landscape\"},\"medium\":{\"height\":300,\"width\":225,\"url\":\"https:\\\/\\\/www.schlossnarren.at\\\/wp-content\\\/uploads\\\/2025\\\/06\\\/Faschingswochenende-2025-001-225x300.jpg\",\"orientation\":\"portrait\"},\"large\":{\"height\":1024,\"width\":768,\"url\":\"https:\\\/\\\/www.schlossnarren.at\\\/wp-content\\\/uploads\\\/2025\\\/06\\\/Faschingswochenende-2025-001-768x1024.jpg\",\"orientation\":\"portrait\"},\"full\":{\"url\":\"https:\\\/\\\/www.schlossnarren.at\\\/wp-content\\\/uploads\\\/2025\\\/06\\\/Faschingswochenende-2025-001.jpg\",\"height\":1333,\"width\":1000,\"orientation\":\"portrait\"}}}],\"coverTitleTextSize\":15,\"coverTip\":false,\"shareTwitter\":false,\"sharePinterest\":false,\"galleryModalHeaderTitleFontSize\":15,\"collectionColumns\":8,\"collectionThumbRecomendedWidth\":100,\"externalLinkFontSize\":15,\"collectionthumbHoverTitleFontSize\":15}<\/script><script type=\"text\/javascript\">(function(){if(window.PGC_SGB && window.PGC_SGB.searcher){window.PGC_SGB.searcher.initBlocks()}})()<\/script><\/div><\/div>\n\n\n\n<div class=\"wp-block-column is-layout-flow wp-block-column-is-layout-flow\"><div class=\"pgc-sgb-cb wp-block-pgcsimplygalleryblock-albumnavigator \" data-gallery-id=\"album_f7f226\"><div class=\"sgb-preloader\" id=\"pr_album_f7f226\">\n\t<div class=\"sgb-square\" style=\"background:#d4d4d4\"><\/div>\n\t<div class=\"sgb-square\" style=\"background:#d4d4d4\"><\/div>\n\t<div class=\"sgb-square\" style=\"background:#d4d4d4\"><\/div>\n\t<div class=\"sgb-square\" style=\"background:#d4d4d4\"><\/div><\/div><div class=\"simply-gallery-amp pgc-sgb-album \" style=\"display: none;\"><div class=\"sgb-gallery\"><div class=\"sgb-item\" title=\"Faschingsumz\u00fcge Hard &amp; Feldkirch\"><a href=\"https:\/\/www.schlossnarren.at\/index.php\/pgc_simply_gallery\/faschingsumzuege-hard-feldkirch\/\" target=\"_blank\"><img decoding=\"async\" alt=\"Faschingsumz\u00fcge Hard &amp; Feldkirch\" width=\"250\" height=\"250\" loading=\"lazy\" src=\"https:\/\/www.schlossnarren.at\/wp-content\/uploads\/2025\/02\/Faschingsumzug-Hard-Feldkirch-01-150x150.jpg\" \/><\/a><div class=\"sgb-item-caption\"><em>Faschingsumz\u00fcge Hard &amp; Feldkirch<\/em><\/div><\/div><\/div><\/div><script type=\"application\/json\" class=\"sgb-data\">{\"presetName\":\"none\",\"skin\":\"albumnavigator\",\"galleryId\":\"album_f7f226\",\"taxonomyId\":\"24\",\"galleries\":[{\"title\":\"Faschingsumz\\u00fcge Hard &amp; Feldkirch\",\"ID\":7339,\"id\":7339,\"modified\":\"2025-02-24 07:54:07\",\"date\":\"2025-02-24 07:10:04\",\"postLink\":\"https:\\\/\\\/www.schlossnarren.at\\\/index.php\\\/pgc_simply_gallery\\\/faschingsumzuege-hard-feldkirch\\\/\",\"type\":\"pgc_simply_gallery\",\"slug\":\"faschingsumzuege-hard-feldkirch\",\"thumbURL\":\"https:\\\/\\\/www.schlossnarren.at\\\/wp-content\\\/uploads\\\/2025\\\/02\\\/Faschingsumzug-Hard-Feldkirch-01-150x150.jpg\",\"thumb\":{\"thumbnail\":{\"height\":150,\"width\":150,\"url\":\"https:\\\/\\\/www.schlossnarren.at\\\/wp-content\\\/uploads\\\/2025\\\/02\\\/Faschingsumzug-Hard-Feldkirch-01-150x150.jpg\",\"orientation\":\"landscape\"},\"medium\":{\"height\":225,\"width\":300,\"url\":\"https:\\\/\\\/www.schlossnarren.at\\\/wp-content\\\/uploads\\\/2025\\\/02\\\/Faschingsumzug-Hard-Feldkirch-01-300x225.jpg\",\"orientation\":\"landscape\"},\"full\":{\"url\":\"https:\\\/\\\/www.schlossnarren.at\\\/wp-content\\\/uploads\\\/2025\\\/02\\\/Faschingsumzug-Hard-Feldkirch-01.jpg\",\"height\":750,\"width\":1000,\"orientation\":\"landscape\"}}}],\"coverTitleTextSize\":15,\"coverTip\":false,\"shareTwitter\":false,\"sharePinterest\":false,\"galleryModalHeaderTitleFontSize\":15,\"collectionColumns\":8,\"collectionThumbRecomendedWidth\":100,\"externalLinkFontSize\":15}<\/script><script type=\"text\/javascript\">(function(){if(window.PGC_SGB && window.PGC_SGB.searcher){window.PGC_SGB.searcher.initBlocks()}})()<\/script><\/div><\/div>\n\n\n\n<div class=\"wp-block-column is-layout-flow wp-block-column-is-layout-flow\"><div class=\"pgc-sgb-cb wp-block-pgcsimplygalleryblock-albumnavigator \" data-gallery-id=\"album_67a779\"><div class=\"sgb-preloader\" id=\"pr_album_67a779\">\n\t<div class=\"sgb-square\" style=\"background:#d4d4d4\"><\/div>\n\t<div class=\"sgb-square\" style=\"background:#d4d4d4\"><\/div>\n\t<div class=\"sgb-square\" style=\"background:#d4d4d4\"><\/div>\n\t<div class=\"sgb-square\" style=\"background:#d4d4d4\"><\/div><\/div><div class=\"simply-gallery-amp pgc-sgb-album \" style=\"display: none;\"><div class=\"sgb-gallery\"><div class=\"sgb-item\" title=\"Umzug Klaus\"><a href=\"https:\/\/www.schlossnarren.at\/index.php\/pgc_simply_gallery\/umzug-klaus\/\" target=\"_blank\"><img decoding=\"async\" alt=\"Umzug Klaus\" width=\"250\" height=\"250\" loading=\"lazy\" src=\"https:\/\/www.schlossnarren.at\/wp-content\/uploads\/2025\/01\/Umzug-Klaus001-150x150.jpg\" \/><\/a><div class=\"sgb-item-caption\"><em>Umzug Klaus<\/em><\/div><\/div><\/div><\/div><script type=\"application\/json\" class=\"sgb-data\">{\"presetName\":\"none\",\"skin\":\"albumnavigator\",\"galleryId\":\"album_67a779\",\"taxonomyId\":\"21\",\"galleries\":[{\"title\":\"Umzug Klaus\",\"ID\":7215,\"id\":7215,\"modified\":\"2025-01-27 07:05:09\",\"date\":\"2025-01-27 06:56:44\",\"postLink\":\"https:\\\/\\\/www.schlossnarren.at\\\/index.php\\\/pgc_simply_gallery\\\/umzug-klaus\\\/\",\"type\":\"pgc_simply_gallery\",\"slug\":\"umzug-klaus\",\"thumbURL\":\"https:\\\/\\\/www.schlossnarren.at\\\/wp-content\\\/uploads\\\/2025\\\/01\\\/Umzug-Klaus001-150x150.jpg\",\"thumb\":{\"thumbnail\":{\"height\":150,\"width\":150,\"url\":\"https:\\\/\\\/www.schlossnarren.at\\\/wp-content\\\/uploads\\\/2025\\\/01\\\/Umzug-Klaus001-150x150.jpg\",\"orientation\":\"landscape\"},\"medium\":{\"height\":300,\"width\":225,\"url\":\"https:\\\/\\\/www.schlossnarren.at\\\/wp-content\\\/uploads\\\/2025\\\/01\\\/Umzug-Klaus001-225x300.jpg\",\"orientation\":\"portrait\"},\"large\":{\"height\":1024,\"width\":768,\"url\":\"https:\\\/\\\/www.schlossnarren.at\\\/wp-content\\\/uploads\\\/2025\\\/01\\\/Umzug-Klaus001-768x1024.jpg\",\"orientation\":\"portrait\"},\"full\":{\"url\":\"https:\\\/\\\/www.schlossnarren.at\\\/wp-content\\\/uploads\\\/2025\\\/01\\\/Umzug-Klaus001.jpg\",\"height\":1333,\"width\":1000,\"orientation\":\"portrait\"}}}],\"coverTitleTextSize\":15,\"coverTip\":false,\"shareTwitter\":false,\"sharePinterest\":false,\"galleryModalHeaderTitleFontSize\":15,\"collectionColumns\":8,\"collectionThumbRecomendedWidth\":100,\"externalLinkFontSize\":15}<\/script><script type=\"text\/javascript\">(function(){if(window.PGC_SGB && window.PGC_SGB.searcher){window.PGC_SGB.searcher.initBlocks()}})()<\/script><\/div><\/div>\n<\/div>\n\n\n\n<div class=\"wp-block-columns is-layout-flex wp-container-core-columns-is-layout-9d6595d7 wp-block-columns-is-layout-flex\">\n<div class=\"wp-block-column is-layout-flow wp-block-column-is-layout-flow\"><div class=\"pgc-sgb-cb wp-block-pgcsimplygalleryblock-albumnavigator \" data-gallery-id=\"album_f44497\"><div class=\"sgb-preloader\" id=\"pr_album_f44497\">\n\t<div class=\"sgb-square\" style=\"background:#d4d4d4\"><\/div>\n\t<div class=\"sgb-square\" style=\"background:#d4d4d4\"><\/div>\n\t<div class=\"sgb-square\" style=\"background:#d4d4d4\"><\/div>\n\t<div class=\"sgb-square\" style=\"background:#d4d4d4\"><\/div><\/div><div class=\"simply-gallery-amp pgc-sgb-album \" style=\"display: none;\"><div class=\"sgb-gallery\"><div class=\"sgb-item\" title=\"Faschingsbeginn 11.11.2024\"><a href=\"https:\/\/www.schlossnarren.at\/index.php\/pgc_simply_gallery\/faschingsbeginn-11-11-2024\/\" target=\"_blank\"><img decoding=\"async\" alt=\"Faschingsbeginn 11.11.2024\" width=\"250\" height=\"250\" loading=\"lazy\" src=\"https:\/\/www.schlossnarren.at\/wp-content\/uploads\/2024\/11\/Faschingseroeffnung20241114_0084-150x150.jpg\" \/><\/a><div class=\"sgb-item-caption\"><em>Faschingsbeginn 11.11.2024<\/em><\/div><\/div><\/div><\/div><script type=\"application\/json\" class=\"sgb-data\">{\"presetName\":\"none\",\"skin\":\"albumnavigator\",\"galleryId\":\"album_f44497\",\"taxonomyId\":\"17\",\"galleries\":[{\"title\":\"Faschingsbeginn 11.11.2024\",\"ID\":7172,\"id\":7172,\"modified\":\"2025-06-02 08:14:00\",\"date\":\"2025-01-24 06:28:49\",\"postLink\":\"https:\\\/\\\/www.schlossnarren.at\\\/index.php\\\/pgc_simply_gallery\\\/faschingsbeginn-11-11-2024\\\/\",\"type\":\"pgc_simply_gallery\",\"slug\":\"faschingsbeginn-11-11-2024\",\"thumbURL\":\"https:\\\/\\\/www.schlossnarren.at\\\/wp-content\\\/uploads\\\/2024\\\/11\\\/Faschingseroeffnung20241114_0084-150x150.jpg\",\"thumb\":{\"thumbnail\":{\"height\":150,\"width\":150,\"url\":\"https:\\\/\\\/www.schlossnarren.at\\\/wp-content\\\/uploads\\\/2024\\\/11\\\/Faschingseroeffnung20241114_0084-150x150.jpg\",\"orientation\":\"landscape\"},\"medium\":{\"height\":300,\"width\":200,\"url\":\"https:\\\/\\\/www.schlossnarren.at\\\/wp-content\\\/uploads\\\/2024\\\/11\\\/Faschingseroeffnung20241114_0084-200x300.jpg\",\"orientation\":\"portrait\"},\"large\":{\"height\":1024,\"width\":683,\"url\":\"https:\\\/\\\/www.schlossnarren.at\\\/wp-content\\\/uploads\\\/2024\\\/11\\\/Faschingseroeffnung20241114_0084-683x1024.jpg\",\"orientation\":\"portrait\"},\"full\":{\"url\":\"https:\\\/\\\/www.schlossnarren.at\\\/wp-content\\\/uploads\\\/2024\\\/11\\\/Faschingseroeffnung20241114_0084.jpg\",\"height\":1500,\"width\":1000,\"orientation\":\"portrait\"}}}],\"coverTip\":false,\"sliderItemTitleFontSize\":15,\"shareTwitter\":false,\"sharePinterest\":false,\"galleryModalHeaderTitleFontSize\":15,\"collectionColumns\":8,\"collectionThumbRecomendedWidth\":100,\"externalLinkFontSize\":15,\"collectionthumbHoverTitleFontSize\":15}<\/script><script type=\"text\/javascript\">(function(){if(window.PGC_SGB && window.PGC_SGB.searcher){window.PGC_SGB.searcher.initBlocks()}})()<\/script><\/div><\/div>\n<\/div>\n\n\n\n<div class=\"wp-block-columns is-layout-flex wp-container-core-columns-is-layout-9d6595d7 wp-block-columns-is-layout-flex\">\n<div class=\"wp-block-column is-layout-flow wp-block-column-is-layout-flow\"><div class=\"pgc-sgb-cb wp-block-pgcsimplygalleryblock-albumnavigator \" data-gallery-id=\"album_c02822\"><div class=\"sgb-preloader\" id=\"pr_album_c02822\">\n\t<div class=\"sgb-square\" style=\"background:#d4d4d4\"><\/div>\n\t<div class=\"sgb-square\" style=\"background:#d4d4d4\"><\/div>\n\t<div class=\"sgb-square\" style=\"background:#d4d4d4\"><\/div>\n\t<div class=\"sgb-square\" style=\"background:#d4d4d4\"><\/div><\/div><div class=\"simply-gallery-amp pgc-sgb-album \" style=\"display: none;\"><div class=\"sgb-gallery\"><div class=\"sgb-item\" title=\"Macht\u00fcbernahme 2024\"><a href=\"https:\/\/www.schlossnarren.at\/index.php\/pgc_simply_gallery\/machtuebernahme-2024\/\" target=\"_blank\"><img decoding=\"async\" alt=\"Macht\u00fcbernahme 2024\" width=\"250\" height=\"250\" loading=\"lazy\" src=\"https:\/\/www.schlossnarren.at\/wp-content\/uploads\/2024\/07\/ZES_Machtuebernahme_2024_076-150x150.jpg\" \/><\/a><div class=\"sgb-item-caption\"><em>Macht\u00fcbernahme 2024<\/em><\/div><\/div><\/div><\/div><script type=\"application\/json\" class=\"sgb-data\">{\"presetName\":\"none\",\"skin\":\"albumnavigator\",\"galleryId\":\"album_c02822\",\"taxonomyId\":\"19\",\"galleries\":[{\"title\":\"Macht\\u00fcbernahme 2024\",\"ID\":7173,\"id\":7173,\"modified\":\"2025-01-24 06:32:11\",\"date\":\"2025-01-24 06:32:10\",\"postLink\":\"https:\\\/\\\/www.schlossnarren.at\\\/index.php\\\/pgc_simply_gallery\\\/machtuebernahme-2024\\\/\",\"type\":\"pgc_simply_gallery\",\"slug\":\"machtuebernahme-2024\",\"thumbURL\":\"https:\\\/\\\/www.schlossnarren.at\\\/wp-content\\\/uploads\\\/2024\\\/07\\\/ZES_Machtuebernahme_2024_076-150x150.jpg\",\"thumb\":{\"thumbnail\":{\"height\":150,\"width\":150,\"url\":\"https:\\\/\\\/www.schlossnarren.at\\\/wp-content\\\/uploads\\\/2024\\\/07\\\/ZES_Machtuebernahme_2024_076-150x150.jpg\",\"orientation\":\"landscape\"},\"medium\":{\"height\":200,\"width\":300,\"url\":\"https:\\\/\\\/www.schlossnarren.at\\\/wp-content\\\/uploads\\\/2024\\\/07\\\/ZES_Machtuebernahme_2024_076-300x200.jpg\",\"orientation\":\"landscape\"},\"full\":{\"url\":\"https:\\\/\\\/www.schlossnarren.at\\\/wp-content\\\/uploads\\\/2024\\\/07\\\/ZES_Machtuebernahme_2024_076.jpg\",\"height\":668,\"width\":1000,\"orientation\":\"landscape\"}}}],\"coverTitleTextSize\":15,\"coverTip\":false,\"sliderCarouselMode\":false,\"sliderScrollNavi\":true,\"sliderItemTitleEnable\":false,\"sliderItemTitleFontSize\":18,\"shareTwitter\":false,\"sharePinterest\":false,\"galleryModalShareButton\":false,\"collectionColumns\":8,\"collectionThumbRecomendedWidth\":100,\"externalLink\":false,\"captions\":false,\"collectionThumbSubMenuDownload\":false,\"collectionThumbSubMenuShare\":false}<\/script><script type=\"text\/javascript\">(function(){if(window.PGC_SGB && window.PGC_SGB.searcher){window.PGC_SGB.searcher.initBlocks()}})()<\/script><\/div><\/div>\n\n\n\n<div class=\"wp-block-column is-layout-flow wp-block-column-is-layout-flow\"><div class=\"pgc-sgb-cb wp-block-pgcsimplygalleryblock-albumnavigator \" data-gallery-id=\"album_924450\"><div class=\"sgb-preloader\" id=\"pr_album_924450\">\n\t<div class=\"sgb-square\" style=\"background:#d4d4d4\"><\/div>\n\t<div class=\"sgb-square\" style=\"background:#d4d4d4\"><\/div>\n\t<div class=\"sgb-square\" style=\"background:#d4d4d4\"><\/div>\n\t<div class=\"sgb-square\" style=\"background:#d4d4d4\"><\/div><\/div><div class=\"simply-gallery-amp pgc-sgb-album \" style=\"display: none;\"><div class=\"sgb-gallery\"><div class=\"sgb-item\" title=\"Faschingsumzug 2024\"><a href=\"https:\/\/www.schlossnarren.at\/index.php\/pgc_simply_gallery\/faschinsumzug-2024\/\" target=\"_blank\"><img decoding=\"async\" alt=\"Faschingsumzug 2024\" width=\"250\" height=\"250\" loading=\"lazy\" src=\"https:\/\/www.schlossnarren.at\/wp-content\/uploads\/2024\/04\/ZES_Umzug_2024_314-150x150.jpg\" \/><\/a><div class=\"sgb-item-caption\"><em>Faschingsumzug 2024<\/em><\/div><\/div><\/div><\/div><script type=\"application\/json\" class=\"sgb-data\">{\"presetName\":\"none\",\"skin\":\"albumnavigator\",\"galleryId\":\"album_924450\",\"taxonomyId\":\"16\",\"galleries\":[{\"title\":\"Faschingsumzug 2024\",\"ID\":7174,\"id\":7174,\"modified\":\"2025-01-24 06:37:16\",\"date\":\"2025-01-24 06:36:56\",\"postLink\":\"https:\\\/\\\/www.schlossnarren.at\\\/index.php\\\/pgc_simply_gallery\\\/faschinsumzug-2024\\\/\",\"type\":\"pgc_simply_gallery\",\"slug\":\"faschinsumzug-2024\",\"thumbURL\":\"https:\\\/\\\/www.schlossnarren.at\\\/wp-content\\\/uploads\\\/2024\\\/04\\\/ZES_Umzug_2024_314-150x150.jpg\",\"thumb\":{\"thumbnail\":{\"height\":150,\"width\":150,\"url\":\"https:\\\/\\\/www.schlossnarren.at\\\/wp-content\\\/uploads\\\/2024\\\/04\\\/ZES_Umzug_2024_314-150x150.jpg\",\"orientation\":\"landscape\"},\"medium\":{\"height\":200,\"width\":300,\"url\":\"https:\\\/\\\/www.schlossnarren.at\\\/wp-content\\\/uploads\\\/2024\\\/04\\\/ZES_Umzug_2024_314-300x200.jpg\",\"orientation\":\"landscape\"},\"full\":{\"url\":\"https:\\\/\\\/www.schlossnarren.at\\\/wp-content\\\/uploads\\\/2024\\\/04\\\/ZES_Umzug_2024_314.jpg\",\"height\":668,\"width\":1000,\"orientation\":\"landscape\"}}}],\"coverTitleTextSize\":15,\"coverTip\":false,\"sliderCarouselMode\":false,\"sliderScrollNavi\":true,\"sliderItemTitleEnable\":false,\"sliderItemTitleFontSize\":18,\"shareTwitter\":false,\"sharePinterest\":false,\"galleryModalShareButton\":false,\"collectionColumns\":8,\"collectionThumbRecomendedWidth\":100,\"captions\":false}<\/script><script type=\"text\/javascript\">(function(){if(window.PGC_SGB && window.PGC_SGB.searcher){window.PGC_SGB.searcher.initBlocks()}})()<\/script><\/div><\/div>\n\n\n\n<div class=\"wp-block-column is-layout-flow wp-block-column-is-layout-flow\"><div class=\"pgc-sgb-cb wp-block-pgcsimplygalleryblock-albumnavigator \" data-gallery-id=\"album_ab0062\"><div class=\"sgb-preloader\" id=\"pr_album_ab0062\">\n\t<div class=\"sgb-square\" style=\"background:#d4d4d4\"><\/div>\n\t<div class=\"sgb-square\" style=\"background:#d4d4d4\"><\/div>\n\t<div class=\"sgb-square\" style=\"background:#d4d4d4\"><\/div>\n\t<div class=\"sgb-square\" style=\"background:#d4d4d4\"><\/div><\/div><div class=\"simply-gallery-amp pgc-sgb-album \" style=\"display: none;\"><div class=\"sgb-gallery\"><div class=\"sgb-item\" title=\"Faschingsumzug 2020\"><a href=\"https:\/\/www.schlossnarren.at\/index.php\/pgc_simply_gallery\/faschingsumzug-2020\/\" target=\"_blank\"><img decoding=\"async\" alt=\"Faschingsumzug 2020\" width=\"250\" height=\"250\" loading=\"lazy\" src=\"https:\/\/www.schlossnarren.at\/wp-content\/uploads\/2024\/04\/ZES_Umzug_2020_131-150x150.jpg\" \/><\/a><div class=\"sgb-item-caption\"><em>Faschingsumzug 2020<\/em><\/div><\/div><\/div><\/div><script type=\"application\/json\" class=\"sgb-data\">{\"presetName\":\"none\",\"skin\":\"albumnavigator\",\"galleryId\":\"album_ab0062\",\"taxonomyId\":\"15\",\"galleries\":[{\"title\":\"Faschingsumzug 2020\",\"ID\":7175,\"id\":7175,\"modified\":\"2025-01-24 07:12:55\",\"date\":\"2025-01-24 06:39:11\",\"postLink\":\"https:\\\/\\\/www.schlossnarren.at\\\/index.php\\\/pgc_simply_gallery\\\/faschingsumzug-2020\\\/\",\"type\":\"pgc_simply_gallery\",\"slug\":\"faschingsumzug-2020\",\"thumbURL\":\"https:\\\/\\\/www.schlossnarren.at\\\/wp-content\\\/uploads\\\/2024\\\/04\\\/ZES_Umzug_2020_131-150x150.jpg\",\"thumb\":{\"thumbnail\":{\"height\":150,\"width\":150,\"url\":\"https:\\\/\\\/www.schlossnarren.at\\\/wp-content\\\/uploads\\\/2024\\\/04\\\/ZES_Umzug_2020_131-150x150.jpg\",\"orientation\":\"landscape\"},\"medium\":{\"height\":200,\"width\":300,\"url\":\"https:\\\/\\\/www.schlossnarren.at\\\/wp-content\\\/uploads\\\/2024\\\/04\\\/ZES_Umzug_2020_131-300x200.jpg\",\"orientation\":\"landscape\"},\"full\":{\"url\":\"https:\\\/\\\/www.schlossnarren.at\\\/wp-content\\\/uploads\\\/2024\\\/04\\\/ZES_Umzug_2020_131.jpg\",\"height\":667,\"width\":1000,\"orientation\":\"landscape\"}}}],\"coverTitleTextSize\":15,\"coverTip\":false,\"sliderCarouselMode\":false,\"sliderScrollNavi\":true,\"sliderItemTitleEnable\":false,\"sliderItemTitleFontSize\":18,\"shareTwitter\":false,\"sharePinterest\":false,\"galleryModalShareButton\":false,\"collectionColumns\":8,\"collectionThumbRecomendedWidth\":100,\"captions\":false}<\/script><script type=\"text\/javascript\">(function(){if(window.PGC_SGB && window.PGC_SGB.searcher){window.PGC_SGB.searcher.initBlocks()}})()<\/script><\/div><\/div>\n<\/div>\n\n\n\n<p><\/p>\n\n\n\n<p><\/p>\n","protected":false},"excerpt":{"rendered":"<p>\ud83c\udfad\u2728 Jahreshauptversammlung der Embser Schlossnarren \u2728\ud83c\udfad Was f\u00fcr ein gelungener Abend! Pr\u00e4sident Karl-Heinz Sutter blickte auf eine ereignisreiche und vor allem unfallfreie Saison zur\u00fcck \ud83d\ude4c Ein riesiges DANKE an alle Unterz\u00fcnfte f\u00fcr euren unerm\u00fcdlichen Einsatz, eure Kreativit\u00e4t und den starken Zusammenhalt \u2764\ufe0f Ohne euch w\u00e4re vieles nicht m\u00f6glich! Unser Ritterpaar hat seine erste Saison mit &hellip; <\/p>\n<p class=\"link-more\"><a href=\"https:\/\/www.schlossnarren.at\/index.php\/galerie\/\" class=\"more-link\"><span class=\"screen-reader-text\">\u201eGalerie\u201c <\/span>weiterlesen<\/a><\/p>\n","protected":false},"author":1,"featured_media":0,"parent":0,"menu_order":0,"comment_status":"closed","ping_status":"closed","template":"","meta":{"pgc_sgb_lightbox_settings":"","footnotes":""},"class_list":["post-1702","page","type-page","status-publish","hentry"],"_links":{"self":[{"href":"https:\/\/www.schlossnarren.at\/index.php\/wp-json\/wp\/v2\/pages\/1702","targetHints":{"allow":["GET"]}}],"collection":[{"href":"https:\/\/www.schlossnarren.at\/index.php\/wp-json\/wp\/v2\/pages"}],"about":[{"href":"https:\/\/www.schlossnarren.at\/index.php\/wp-json\/wp\/v2\/types\/page"}],"author":[{"embeddable":true,"href":"https:\/\/www.schlossnarren.at\/index.php\/wp-json\/wp\/v2\/users\/1"}],"replies":[{"embeddable":true,"href":"https:\/\/www.schlossnarren.at\/index.php\/wp-json\/wp\/v2\/comments?post=1702"}],"version-history":[{"count":177,"href":"https:\/\/www.schlossnarren.at\/index.php\/wp-json\/wp\/v2\/pages\/1702\/revisions"}],"predecessor-version":[{"id":9108,"href":"https:\/\/www.schlossnarren.at\/index.php\/wp-json\/wp\/v2\/pages\/1702\/revisions\/9108"}],"wp:attachment":[{"href":"https:\/\/www.schlossnarren.at\/index.php\/wp-json\/wp\/v2\/media?parent=1702"}],"curies":[{"name":"wp","href":"https:\/\/api.w.org\/{rel}","templated":true}]}}